{"id":1078,"date":"2016-02-27T11:24:06","date_gmt":"2016-02-27T10:24:06","guid":{"rendered":"http:\/\/www.alpcamp.eu\/de\/?page_id=1078"},"modified":"2024-04-12T16:28:51","modified_gmt":"2024-04-12T15:28:51","slug":"home","status":"publish","type":"page","link":"https:\/\/www.alpcamp.eu\/de\/","title":{"rendered":"Home"},"content":{"rendered":"<div class=\"wpb-content-wrapper\"><p>[vc_row type=&#8220;grid&#8220; background_color=&#8220;#ffffff&#8220; padding_top=&#8220;100&#8243; padding_bottom=&#8220;100&#8243;][vc_column][vc_column_text]<\/p>\n<h2 style=\"text-align: center;\">Der Element<\/h2>\n<p>[vc_separator type=&#8217;small&#8216; position=&#8217;center&#8216; color=&#8220; thickness=&#8220; up=&#8220; down=&#8220;]<\/p>\n<h4 style=\"text-align: center;\">Der Element is eine neue innovative glamping Unterkunft. Ein Element bietet das Komfort eines kwalit\u00e4ts-Chalets w\u00e4hrend man doch auf einem Camping verbleibt und das Au\u00dfengef\u00fchl beh\u00e4lt. Die Vorteile eines Elementes im Vergleich mit einem Chalet sind insbesondere RAUM, MOBILIT\u00c4T und NIEDRIGE WARTUNGSKOSTEN.<\/h4>\n<p>[\/vc_column_text][vc_empty_space height=&#8220;50px&#8220;][vc_gallery interval=&#8220;3&#8243; images=&#8220;81,80,79,78,77,494&#8243; img_size=&#8220;full&#8220;][vc_empty_space height=&#8220;50px&#8220;][vc_row_inner css_animation=&#8220;element_from_fade&#8220; transition_delay=&#8220;200&#8243;][vc_column_inner width=&#8220;1\/2&#8243;][vc_column_text]<strong>\u00dcber der Element<\/strong><\/p>\n<p>[vc_separator type=&#8217;small&#8216; position=&#8217;left&#8216; color=&#8220; thickness=&#8220; up=&#8220; down=&#8220;]<\/p>\n<p>Der Element ist aufgebaut aus straff gespannten doppelwandig isoliertes HighTech Material und unterst\u00fctzt von einem \u00fcberstarken Aluminium Rahmen. Die Unterk\u00fcnfte sind garantiert Winterfest und dadurch sehr geeignet f\u00fcr einen komfortablen Aufenthalt in allen Jahreszeiten. Der Komfort wird erreicht durch ein hohes Verarbeitungsniveau, K\u00fcche, Sanit\u00e4ranlagen mit separaten Toilette, Dusche und Sauna. Der h\u00e4ssliche Gang mit Toilettenpapier und Wannen mit Geschirr geh\u00f6ren hiermit endg\u00fcltig zu der Vergangenheit<\/p>\n<p>Der Element hat Fu\u00dfbodenheizung, Radiatoren und einen behaglichen Gasherd. Wir bauen ein Element in einem Tag auf (abh\u00e4ngig von der Standort) und k\u00f6nnen es wenn Sie es w\u00fcnschen umstellen. Mit einer Oberfl\u00e4che von 60M2 ist der Element geeignet f\u00fcr Gruppen von 2 bis zu 8 Personen. Somit kann man gem\u00fctlich mit der Familie und\/ oder mit Freunden in Urlaub fahren.<\/p>\n<p><a href=\"\/de\/constructie\" target=\"_self\" data-hover-background-color=#000000 data-hover-border-color=#000000  class=\"qbutton \" style=\"border-color: #222222; margin: 20px 0; background-color: #222222;\">Mehr wissen?<\/a>[\/vc_column_text][\/vc_column_inner][vc_column_inner width=&#8220;1\/2&#8243;][vc_column_text]<\/p>\n<h3>Wie erhalte ich ein Element<\/h3>\n<p>[vc_separator type=&#8217;small&#8216; position=&#8217;left&#8216; color=&#8220; thickness=&#8220; up=&#8220; down=&#8220;]<\/p>\n<p>Ein Element kann man bei 12Camp BV kaufen.<\/p>\n<p>Wir haben die M\u00f6glichkeit ein Element qua Ausf\u00fchrung auf das Budget von dem K\u00e4ufer abzustimmen.\u00a0Auch ist es m\u00f6glich den Element bei uns in der Vermietung zu geben, damit man Ertrag erreichen kann. So k\u00f6nnen bei ausreichender Belegung die Betriebskosten aus den Vermietungs-Einkommen bezahlt werden. Der Element kann in allen Jahreszeiten vermietet werden und das kommt den Ertrag zugute, vor allem in den Alpen wo sowohl der Wintersport als die Sommerferien seit Jahren her eine gro\u00dfe Anzahl an Touristen anziehen. Wenn wir der Element f\u00fcr Sie vermieten pflegen wir die notwendige Instandhaltung und sorgen wir f\u00fcr die notwendigen lokalen Bestimmungen. Eine Anzahl von Campingpl\u00e4tzen in \u00d6sterreich hat uns schon Standpl\u00e4tze zugesagt. Einzelheiten wollen wir gerne pers\u00f6nlich mit Ihnen durchnehmen.<\/p>\n<p><a href=\"\/de\/contact\/\" target=\"_self\" data-hover-background-color=#000000 data-hover-border-color=#000000  class=\"qbutton \" style=\"border-color: #222222; margin: 20px 0; background-color: #222222;\">Kontaktier uns jetzt!<\/a>[\/vc_column_text][\/vc_column_inner][\/vc_row_inner][\/vc_column][\/vc_row][vc_row css_animation=&#8220;element_from_fade&#8220; background_color=&#8220;#ffffff&#8220; padding_top=&#8220;50&#8243; padding_bottom=&#8220;50&#8243; transition_delay=&#8220;200&#8243;][vc_column width=&#8220;1\/4&#8243; el_class=&#8220;no-padding&#8220;]<div class=\"q_image_with_text_over \"><div class=\"shader\"><\/div><img decoding=\"async\" src=\"https:\/\/www.alpcamp.eu\/wp-content\/uploads\/2015\/07\/winterkopie.jpg\" alt=\"\" \/><div class=\"text\"><table><tr><td><h3 class=\"caption no_icon\" style=\"\"><\/h3><\/td><\/tr><\/table><table><tr><td><div class=\"desc\"><\/p>\n<h2 style=\"text-align: center; color: #ffffff;\">Winter<\/h2>\n<h5 style=\"text-align: center; color: #ffffff;\">Glamping im Winter, Erlebt es zusammen<\/h5>\n<p style=\"text-align: center;\"><a href=\"\/de\/winter\" target=\"_self\" data-hover-background-color=#222222 data-hover-border-color=#222222  class=\"qbutton  center\" style=\"border-color: #afafaf; margin: 20px 0 0 0; background-color: #afafaf;\">mehr lesen<\/a><\/p>\n<p><\/div><\/td><\/tr><\/table><\/div><\/div>[\/vc_column][vc_column width=&#8220;1\/4&#8243; el_class=&#8220;no-padding&#8220;]<div class=\"q_image_with_text_over \"><div class=\"shader\"><\/div><img decoding=\"async\" src=\"https:\/\/www.alpcamp.eu\/wp-content\/uploads\/2015\/07\/springkopie.jpg\" alt=\"\" \/><div class=\"text\"><table><tr><td><h3 class=\"caption no_icon\" style=\"\"><\/h3><\/td><\/tr><\/table><table><tr><td><div class=\"desc\"><\/p>\n<h2 style=\"text-align: center; color: #ffffff;\">Fr\u00fchling<\/h2>\n<h5 style=\"text-align: center; color: #ffffff;\">Genie\u00dfe der aufbl\u00fchende Natur aus einem ger\u00e4umigen Zuhause!<\/h5>\n<p style=\"text-align: center;\"><a href=\"\/de\/lente\" target=\"_self\" data-hover-background-color=#222222 data-hover-border-color=#222222  class=\"qbutton \" style=\"border-color: #81c2e2; margin: 20px 0 0 0; background-color: #81c2e2;\">mehr lesen<\/a><\/p>\n<p><\/div><\/td><\/tr><\/table><\/div><\/div>[\/vc_column][vc_column width=&#8220;1\/4&#8243; el_class=&#8220;no-padding&#8220;]<div class=\"q_image_with_text_over \"><div class=\"shader\"><\/div><img decoding=\"async\" src=\"https:\/\/www.alpcamp.eu\/wp-content\/uploads\/2015\/07\/summerkopie.jpg\" alt=\"\" \/><div class=\"text\"><table><tr><td><h3 class=\"caption no_icon\" style=\"\"><\/h3><\/td><\/tr><\/table><table><tr><td><div class=\"desc\"><\/p>\n<h2 style=\"text-align: center; color: #ffffff;\">Sommer<\/h2>\n<h5 style=\"text-align: center; color: #ffffff;\">Sommer Urlaub, ein Fest f\u00fcr Kinder und Eltern!<\/h5>\n<p style=\"text-align: center;\"><a href=\"\/de\/zomer\" target=\"_self\" data-hover-background-color=#222222 data-hover-border-color=#222222  class=\"qbutton  center\" style=\"border-color: #dd9933; margin: 20px 0 0 0; background-color: #dd9933;\">mehr lesen<\/a><\/p>\n<p><\/div><\/td><\/tr><\/table><\/div><\/div>[\/vc_column][vc_column width=&#8220;1\/4&#8243; el_class=&#8220;no-padding&#8220;]<div class=\"q_image_with_text_over \"><div class=\"shader\"><\/div><img decoding=\"async\" src=\"https:\/\/www.alpcamp.eu\/wp-content\/uploads\/2015\/07\/fallkopie.jpg\" alt=\"\" \/><div class=\"text\"><table><tr><td><h3 class=\"caption no_icon\" style=\"\"><\/h3><\/td><\/tr><\/table><table><tr><td><div class=\"desc\"><\/p>\n<h2 style=\"text-align: center; color: #ffffff;\">Herbst<\/h2>\n<h5 style=\"text-align: center; color: #ffffff;\">Eine Farbzusammenstellung von roten, gelben und braunen Herbstfarben bringen Ihnen Ruhe!<\/h5>\n<p style=\"text-align: center;\"><a href=\"\/de\/herfst\" target=\"_self\" data-hover-background-color=#222222 data-hover-border-color=#222222  class=\"qbutton  center white\" style=\"color: #ffffff; border-color: #855d18; margin: 20px 0 0 0; background-color: #855d18;\">mehr lesen<\/a><\/p>\n<p><\/div><\/td><\/tr><\/table><\/div><\/div>[\/vc_column][\/vc_row][vc_row type=&#8220;grid&#8220; padding_top=&#8220;100&#8243; padding_bottom=&#8220;100&#8243;][vc_column][vc_column_text]<\/p>\n<h2 style=\"text-align: center;\">Aktuelles<\/h2>\n<p>[vc_separator type=&#8217;small&#8216; position=&#8217;center&#8216; color=&#8220; thickness=&#8220; up=&#8220; down=&#8220;][\/vc_column_text]<div class='latest_post_holder boxes three_columns one_row'><ul><li class=\"clearfix\"><div class=\"boxes_image\"><a href=\"https:\/\/www.alpcamp.eu\/de\/review-van-hannah-uit-duitsland\/\"><\/a><\/div><div class=\"latest_post\"><div class=\"latest_post_text\"><div class=\"latest_post_inner\"><div class=\"latest_post_text_inner\"><h4 class=\"latest_post_title \"><a href=\"https:\/\/www.alpcamp.eu\/de\/review-van-hannah-uit-duitsland\/\">Review van Hannah uit Duitsland<\/a><\/h4><p class=\"excerpt\">Dieser positiven Review von Hannah aus Deutschland teilen wir mal gerne mit Ihnen: \u201cEin sch\u00f6nes Chalet mit vielen durchdachten Einzelheiten,......<\/p><span class=\"post_infos\"><span class=\"date_hour_holder\"><span class=\"date\">17 August, 2020<\/span><\/span><\/span><\/div><\/div><\/div><\/div><li class=\"clearfix\"><div class=\"boxes_image\"><a href=\"https:\/\/www.alpcamp.eu\/de\/ab-16-juni-werden-oesterreichs-grenzen-zu-31-europaeischen-laendern-geoeffnet\/\"><img loading=\"lazy\" decoding=\"async\" width=\"539\" height=\"303\" src=\"https:\/\/www.alpcamp.eu\/wp-content\/uploads\/2020\/06\/auto-oostenrijk-539x303.jpg\" class=\"attachment-latest_post_boxes size-latest_post_boxes wp-post-image\" alt=\"\" \/><\/a><\/div><div class=\"latest_post\"><div class=\"latest_post_text\"><div class=\"latest_post_inner\"><div class=\"latest_post_text_inner\"><h4 class=\"latest_post_title \"><a href=\"https:\/\/www.alpcamp.eu\/de\/ab-16-juni-werden-oesterreichs-grenzen-zu-31-europaeischen-laendern-geoeffnet\/\">Ab 16. Juni werden \u00d6sterreichs Grenzen zu 31 europ\u00e4ischen L\u00e4ndern ge\u00f6ffnet.<\/a><\/h4><p class=\"excerpt\">Das Einreisen aus Nachbarl\u00e4ndern nach \u00d6sterreich ist mit der Ausnahme aus Italien ohne eine 14-t\u00e4gige Quarant\u00e4nepflicht m\u00f6glich, wenn die Personen......<\/p><span class=\"post_infos\"><span class=\"date_hour_holder\"><span class=\"date\">14 Juni, 2020<\/span><\/span><\/span><\/div><\/div><\/div><\/div><li class=\"clearfix\"><div class=\"boxes_image\"><a href=\"https:\/\/www.alpcamp.eu\/de\/buchen-kramsach-jetzt-moeglich\/\"><img loading=\"lazy\" decoding=\"async\" width=\"539\" height=\"303\" src=\"https:\/\/www.alpcamp.eu\/wp-content\/uploads\/2019\/12\/IMG_7457-539x303.jpg\" class=\"attachment-latest_post_boxes size-latest_post_boxes wp-post-image\" alt=\"\" \/><\/a><\/div><div class=\"latest_post\"><div class=\"latest_post_text\"><div class=\"latest_post_inner\"><div class=\"latest_post_text_inner\"><h4 class=\"latest_post_title \"><a href=\"https:\/\/www.alpcamp.eu\/de\/buchen-kramsach-jetzt-moeglich\/\">Buchen Kramsach jetzt m\u00f6glich<\/a><\/h4><p class=\"excerpt\">Ab jetzt ist es m\u00f6glich um Ihr Element in Alpcamp Village Kramsach zu buchen. Unsere Reservierungsmodule ist jetzt live in......<\/p><span class=\"post_infos\"><span class=\"date_hour_holder\"><span class=\"date\">04 Dezember, 2019<\/span><\/span><\/span><\/div><\/div><\/div><\/div><\/ul><\/div>[\/vc_column][\/vc_row]<\/p>\n<\/div>","protected":false},"excerpt":{"rendered":"<p>[vc_row type=&#8220;grid&#8220; background_color=&#8220;#ffffff&#8220; padding_top=&#8220;100&#8243; padding_bottom=&#8220;100&#8243;][vc_column][vc_column_text] Der Element [vc_separator type=&#8217;small&#8216; position=&#8217;center&#8216; color=&#8220; thickness=&#8220; up=&#8220; down=&#8220;] Der Element is eine neue innovative&#8230;<\/p>\n","protected":false},"author":2,"featured_media":0,"parent":0,"menu_order":0,"comment_status":"closed","ping_status":"closed","template":"full_width.php","meta":{"footnotes":""},"class_list":["post-1078","page","type-page","status-publish","hentry"],"yoast_head":"<!-- This site is optimized with the Yoast SEO plugin v27.3 - https:\/\/yoast.com\/product\/yoast-seo-wordpress\/ -->\n<title>Home - AlpCamp<\/title>\n<meta name=\"robots\" content=\"index, follow, max-snippet:-1, max-image-preview:large, max-video-preview:-1\" \/>\n<link rel=\"canonical\" href=\"https:\/\/www.alpcamp.eu\/de\/\" \/>\n<meta property=\"og:locale\" content=\"de_DE\" \/>\n<meta property=\"og:type\" content=\"article\" \/>\n<meta property=\"og:title\" content=\"Home - AlpCamp\" \/>\n<meta property=\"og:description\" content=\"[vc_row type=&#8220;grid&#8220; background_color=&#8220;#ffffff&#8220; padding_top=&#8220;100&#8243; padding_bottom=&#8220;100&#8243;][vc_column][vc_column_text] Der Element [vc_separator type=&#8217;small&#8216; position=&#8217;center&#8216; color=&#8220; thickness=&#8220; up=&#8220; down=&#8220;] Der Element is eine neue innovative...\" \/>\n<meta property=\"og:url\" content=\"https:\/\/www.alpcamp.eu\/de\/\" \/>\n<meta property=\"og:site_name\" content=\"AlpCamp\" \/>\n<meta property=\"article:publisher\" content=\"https:\/\/www.facebook.com\/Alpcamp.eu\/\" \/>\n<meta property=\"article:modified_time\" content=\"2024-04-12T15:28:51+00:00\" \/>\n<meta name=\"twitter:card\" content=\"summary_large_image\" \/>\n<meta name=\"twitter:label1\" content=\"Gesch\u00e4tzte Lesezeit\" \/>\n\t<meta name=\"twitter:data1\" content=\"5\u00a0Minuten\" \/>\n<script type=\"application\/ld+json\" class=\"yoast-schema-graph\">{\"@context\":\"https:\\\/\\\/schema.org\",\"@graph\":[{\"@type\":\"WebPage\",\"@id\":\"https:\\\/\\\/www.alpcamp.eu\\\/de\\\/\",\"url\":\"https:\\\/\\\/www.alpcamp.eu\\\/de\\\/\",\"name\":\"Home - AlpCamp\",\"isPartOf\":{\"@id\":\"https:\\\/\\\/www.alpcamp.eu\\\/#website\"},\"datePublished\":\"2016-02-27T10:24:06+00:00\",\"dateModified\":\"2024-04-12T15:28:51+00:00\",\"breadcrumb\":{\"@id\":\"https:\\\/\\\/www.alpcamp.eu\\\/de\\\/#breadcrumb\"},\"inLanguage\":\"de\",\"potentialAction\":[{\"@type\":\"ReadAction\",\"target\":[\"https:\\\/\\\/www.alpcamp.eu\\\/de\\\/\"]}]},{\"@type\":\"BreadcrumbList\",\"@id\":\"https:\\\/\\\/www.alpcamp.eu\\\/de\\\/#breadcrumb\",\"itemListElement\":[{\"@type\":\"ListItem\",\"position\":1,\"name\":\"Home\",\"item\":\"https:\\\/\\\/www.alpcamp.eu\\\/de\\\/\"},{\"@type\":\"ListItem\",\"position\":2,\"name\":\"Home\"}]},{\"@type\":\"WebSite\",\"@id\":\"https:\\\/\\\/www.alpcamp.eu\\\/#website\",\"url\":\"https:\\\/\\\/www.alpcamp.eu\\\/\",\"name\":\"AlpCamp\",\"description\":\"\",\"publisher\":{\"@id\":\"https:\\\/\\\/www.alpcamp.eu\\\/#organization\"},\"potentialAction\":[{\"@type\":\"SearchAction\",\"target\":{\"@type\":\"EntryPoint\",\"urlTemplate\":\"https:\\\/\\\/www.alpcamp.eu\\\/?s={search_term_string}\"},\"query-input\":{\"@type\":\"PropertyValueSpecification\",\"valueRequired\":true,\"valueName\":\"search_term_string\"}}],\"inLanguage\":\"de\"},{\"@type\":\"Organization\",\"@id\":\"https:\\\/\\\/www.alpcamp.eu\\\/#organization\",\"name\":\"12Camp BV\",\"url\":\"https:\\\/\\\/www.alpcamp.eu\\\/\",\"logo\":{\"@type\":\"ImageObject\",\"inLanguage\":\"de\",\"@id\":\"https:\\\/\\\/www.alpcamp.eu\\\/#\\\/schema\\\/logo\\\/image\\\/\",\"url\":\"https:\\\/\\\/www.alpcamp.eu\\\/wp-content\\\/uploads\\\/2015\\\/08\\\/logo-12Campv2.1-01.png\",\"contentUrl\":\"https:\\\/\\\/www.alpcamp.eu\\\/wp-content\\\/uploads\\\/2015\\\/08\\\/logo-12Campv2.1-01.png\",\"width\":953,\"height\":337,\"caption\":\"12Camp BV\"},\"image\":{\"@id\":\"https:\\\/\\\/www.alpcamp.eu\\\/#\\\/schema\\\/logo\\\/image\\\/\"},\"sameAs\":[\"https:\\\/\\\/www.facebook.com\\\/Alpcamp.eu\\\/\"]}]}<\/script>\n<!-- \/ Yoast SEO plugin. -->","yoast_head_json":{"title":"Home - AlpCamp","robots":{"index":"index","follow":"follow","max-snippet":"max-snippet:-1","max-image-preview":"max-image-preview:large","max-video-preview":"max-video-preview:-1"},"canonical":"https:\/\/www.alpcamp.eu\/de\/","og_locale":"de_DE","og_type":"article","og_title":"Home - AlpCamp","og_description":"[vc_row type=&#8220;grid&#8220; background_color=&#8220;#ffffff&#8220; padding_top=&#8220;100&#8243; padding_bottom=&#8220;100&#8243;][vc_column][vc_column_text] Der Element [vc_separator type=&#8217;small&#8216; position=&#8217;center&#8216; color=&#8220; thickness=&#8220; up=&#8220; down=&#8220;] Der Element is eine neue innovative...","og_url":"https:\/\/www.alpcamp.eu\/de\/","og_site_name":"AlpCamp","article_publisher":"https:\/\/www.facebook.com\/Alpcamp.eu\/","article_modified_time":"2024-04-12T15:28:51+00:00","twitter_card":"summary_large_image","twitter_misc":{"Gesch\u00e4tzte Lesezeit":"5\u00a0Minuten"},"schema":{"@context":"https:\/\/schema.org","@graph":[{"@type":"WebPage","@id":"https:\/\/www.alpcamp.eu\/de\/","url":"https:\/\/www.alpcamp.eu\/de\/","name":"Home - AlpCamp","isPartOf":{"@id":"https:\/\/www.alpcamp.eu\/#website"},"datePublished":"2016-02-27T10:24:06+00:00","dateModified":"2024-04-12T15:28:51+00:00","breadcrumb":{"@id":"https:\/\/www.alpcamp.eu\/de\/#breadcrumb"},"inLanguage":"de","potentialAction":[{"@type":"ReadAction","target":["https:\/\/www.alpcamp.eu\/de\/"]}]},{"@type":"BreadcrumbList","@id":"https:\/\/www.alpcamp.eu\/de\/#breadcrumb","itemListElement":[{"@type":"ListItem","position":1,"name":"Home","item":"https:\/\/www.alpcamp.eu\/de\/"},{"@type":"ListItem","position":2,"name":"Home"}]},{"@type":"WebSite","@id":"https:\/\/www.alpcamp.eu\/#website","url":"https:\/\/www.alpcamp.eu\/","name":"AlpCamp","description":"","publisher":{"@id":"https:\/\/www.alpcamp.eu\/#organization"},"potentialAction":[{"@type":"SearchAction","target":{"@type":"EntryPoint","urlTemplate":"https:\/\/www.alpcamp.eu\/?s={search_term_string}"},"query-input":{"@type":"PropertyValueSpecification","valueRequired":true,"valueName":"search_term_string"}}],"inLanguage":"de"},{"@type":"Organization","@id":"https:\/\/www.alpcamp.eu\/#organization","name":"12Camp BV","url":"https:\/\/www.alpcamp.eu\/","logo":{"@type":"ImageObject","inLanguage":"de","@id":"https:\/\/www.alpcamp.eu\/#\/schema\/logo\/image\/","url":"https:\/\/www.alpcamp.eu\/wp-content\/uploads\/2015\/08\/logo-12Campv2.1-01.png","contentUrl":"https:\/\/www.alpcamp.eu\/wp-content\/uploads\/2015\/08\/logo-12Campv2.1-01.png","width":953,"height":337,"caption":"12Camp BV"},"image":{"@id":"https:\/\/www.alpcamp.eu\/#\/schema\/logo\/image\/"},"sameAs":["https:\/\/www.facebook.com\/Alpcamp.eu\/"]}]}},"_links":{"self":[{"href":"https:\/\/www.alpcamp.eu\/de\/wp-json\/wp\/v2\/pages\/1078","targetHints":{"allow":["GET"]}}],"collection":[{"href":"https:\/\/www.alpcamp.eu\/de\/wp-json\/wp\/v2\/pages"}],"about":[{"href":"https:\/\/www.alpcamp.eu\/de\/wp-json\/wp\/v2\/types\/page"}],"author":[{"embeddable":true,"href":"https:\/\/www.alpcamp.eu\/de\/wp-json\/wp\/v2\/users\/2"}],"replies":[{"embeddable":true,"href":"https:\/\/www.alpcamp.eu\/de\/wp-json\/wp\/v2\/comments?post=1078"}],"version-history":[{"count":17,"href":"https:\/\/www.alpcamp.eu\/de\/wp-json\/wp\/v2\/pages\/1078\/revisions"}],"predecessor-version":[{"id":3658,"href":"https:\/\/www.alpcamp.eu\/de\/wp-json\/wp\/v2\/pages\/1078\/revisions\/3658"}],"wp:attachment":[{"href":"https:\/\/www.alpcamp.eu\/de\/wp-json\/wp\/v2\/media?parent=1078"}],"curies":[{"name":"wp","href":"https:\/\/api.w.org\/{rel}","templated":true}]}}