{"id":1180,"date":"2015-05-15T11:21:36","date_gmt":"2015-05-15T10:21:36","guid":{"rendered":"http:\/\/www.alpcamp.eu\/de\/element\/"},"modified":"2016-12-07T20:19:35","modified_gmt":"2016-12-07T19:19:35","slug":"element","status":"publish","type":"page","link":"https:\/\/www.alpcamp.eu\/de\/element\/","title":{"rendered":"Inspiration"},"content":{"rendered":"<div class=\"wpb-content-wrapper\"><p>[vc_row type=&#8220;grid&#8220; css=&#8220;.vc_custom_1481138188016{padding-top: 100px !important;padding-bottom: 100px !important;}&#8220;][vc_column][vc_row_inner type=&#8220;grid&#8220;][vc_column_inner][vc_single_image image=&#8220;675&#8243; img_size=&#8220;medium&#8220; alignment=&#8220;center&#8220; css=&#8220;.vc_custom_1443134961746{margin-top: 20px !important;margin-right: 10px !important;margin-bottom: 40px !important;margin-left: 10px !important;}&#8220;][vc_column_text]<\/p>\n<h4 style=\"text-align: center;\">Das AlpCamp Konzept wird angeregt von der Lehre der F\u00fcnf Elemente. Diese Lehre hat als Ausgangspunkt das alles in Bewegung ist und einander beeinflusst. Das sieht man im Rhythmus von Tag und Nacht, an den Jahreszeiten und am Funktionieren der Menschen. Nach dem traditionell chinesischen Denken gibt es f\u00fcnf Jahreszeiten. Die f\u00fcnfte Jahreszeit ist die die wir den Sp\u00e4tsommer. Jede Jahreszeit ist verbunden mit einem Element. Da unser innovierter Unterkunft eine starke Verbundenheit hat mit der Natur, sich eignet f\u00fcr alle Jahreszeiten und selber auch aufgebaut ist aus verschiedenen Elementen, lag die Wahl f\u00fcr den Namen \u2018Element\u2018 auf der Hand. Infolge dieser Ausgangspunkte werden unsere K\u00e4ufer und G\u00e4ste sich jederzeit \u2018In Ihrem Element\u2018 f\u00fchlen!<\/h4>\n<p>[\/vc_column_text][\/vc_column_inner][\/vc_row_inner][\/vc_column][\/vc_row][vc_row type=&#8220;grid&#8220;][vc_column][vc_row_inner type=&#8220;grid&#8220; anchor=&#8220;hout&#8220; background_color=&#8220;#ffffff&#8220; css_animation=&#8220;element_from_fade&#8220; transition_delay=&#8220;200&#8243; css=&#8220;.vc_custom_1439818081075{padding-top: 100px !important;padding-bottom: 100px !important;}&#8220;][vc_column_inner width=&#8220;1\/2&#8243;][vc_column_text]<\/p>\n<h3>Holz<\/h3>\n<p>[vc_separator type=&#8217;small&#8216; position=&#8217;left&#8216; color=&#8220; thickness=&#8220; up=&#8220; down=&#8220;]<\/p>\n<h6>Das Element des Fr\u00fchlings, die Natur erwacht und die Energie ist ausw\u00e4rts gerichtet.<\/h6>\n<p>Holz wird in dem Element gebraucht f\u00fcr den Boden, die M\u00f6blierung und f\u00fcr mehrere andere Abbaubestandteile.[\/vc_column_text][\/vc_column_inner][vc_column_inner width=&#8220;1\/2&#8243;][vc_single_image image=&#8220;451&#8243; img_size=&#8220;full&#8220;][\/vc_column_inner][\/vc_row_inner][vc_row_inner type=&#8220;grid&#8220; anchor=&#8220;vuur&#8220; css_animation=&#8220;element_from_fade&#8220; transition_delay=&#8220;200&#8243; css=&#8220;.vc_custom_1439818088184{padding-top: 100px !important;padding-bottom: 100px !important;}&#8220;][vc_column_inner width=&#8220;1\/2&#8243;][vc_single_image image=&#8220;429&#8243; img_size=&#8220;full&#8220;][\/vc_column_inner][vc_column_inner width=&#8220;1\/2&#8243;][vc_column_text]<\/p>\n<h3>Feuer<\/h3>\n<p>[vc_separator type=&#8217;small&#8216; position=&#8217;left&#8216; color=&#8220; thickness=&#8220; up=&#8220; down=&#8220;]<\/p>\n<h6>Das Element das steht f\u00fcr den Sommer, die Natur steht in voller Wachstum\u00a0und sie strahlt eine explosive Energie aus.<\/h6>\n<p>Das Element Feuer findet man zur\u00fcck in den Gasherd, in der Infrarot Sauna, in der behaglichen W\u00e4rme, in den Heizk\u00f6rpern und in dem Kombi Ofen.[\/vc_column_text][\/vc_column_inner][\/vc_row_inner][vc_row_inner type=&#8220;grid&#8220; css_animation=&#8220;element_from_fade&#8220; transition_delay=&#8220;200&#8243; css=&#8220;.vc_custom_1439818103202{padding-top: 100px !important;padding-bottom: 100px !important;background-color: #f0f0f0 !important;}&#8220;][vc_column_inner width=&#8220;1\/2&#8243;][vc_column_text]<\/p>\n<h3>Erde<\/h3>\n<p>[vc_separator type=&#8217;small&#8216; position=&#8217;left&#8216; color=&#8220; thickness=&#8220; up=&#8220; down=&#8220;]<\/p>\n<h6>Das Element das verbunden ist mit dem Sp\u00e4tsommer. Es ist Erntezeit, die Natur erlebt eine letzte Bl\u00fctezeit, aber bereitet sich auch vor auf die Selbstbestimmung von dem Herbst.<\/h6>\n<p>Das Element Erde finden wir zur\u00fcck in unsere Steindekor Materialen und mit ein bischen Fantasie in der gebrauchten Wand- und Boden Isolierung.[\/vc_column_text][\/vc_column_inner][vc_column_inner width=&#8220;1\/2&#8243;][vc_single_image image=&#8220;428&#8243; img_size=&#8220;full&#8220;][\/vc_column_inner][\/vc_row_inner][vc_row_inner type=&#8220;grid&#8220; anchor=&#8220;metaal&#8220; padding_top=&#8220;100&#8243; padding_bottom=&#8220;100&#8243; css_animation=&#8220;element_from_fade&#8220; transition_delay=&#8220;200&#8243;][vc_column_inner width=&#8220;1\/2&#8243;][vc_empty_space][vc_single_image image=&#8220;458&#8243; img_size=&#8220;full&#8220;][vc_empty_space][\/vc_column_inner][vc_column_inner width=&#8220;1\/2&#8243;][vc_empty_space][vc_column_text]<\/p>\n<h3>Metal<\/h3>\n<p>[vc_separator type=&#8217;small&#8216; position=&#8217;left&#8216; color=&#8220; thickness=&#8220; up=&#8220; down=&#8220;]<\/p>\n<h6>Das Element das steht f\u00fcr den Herbst. Die Natur kehrt sich inw\u00e4rts und die\u00a0Energie ist nach innen gerichtet.<\/h6>\n<p>Das Element Metall manifestiert sich in einem starken Fahrgestell, schicken H\u00e4hnen, Alust\u00fctzen, Lampen und in der K\u00fcchenapparatur.[\/vc_column_text][\/vc_column_inner][\/vc_row_inner][vc_row_inner type=&#8220;grid&#8220; anchor=&#8220;water&#8220; background_color=&#8220;#ffffff&#8220; padding_top=&#8220;100&#8243; padding_bottom=&#8220;100&#8243; css_animation=&#8220;element_from_fade&#8220; transition_delay=&#8220;200&#8243;][vc_column_inner width=&#8220;1\/2&#8243;][vc_empty_space][vc_column_text]<\/p>\n<h3>Wasser<\/h3>\n<p>[vc_separator type=&#8217;small&#8216; position=&#8217;left&#8216; color=&#8220; thickness=&#8220; up=&#8220; down=&#8220;]<\/p>\n<h6>Das Element das zu dem Winter geh\u00f6rt. Die Natur ist in Ruhe und enth\u00e4lt eine konzentrierte Energie.<\/h6>\n<p>Wasser str\u00f6mt durch die warmen Heizk\u00f6rper, aus dem K\u00fcchenhahn, durch den Plug &amp; Play Wasserablauf und aus der angenehmen Dusche.[\/vc_column_text][\/vc_column_inner][vc_column_inner width=&#8220;1\/2&#8243;][vc_empty_space][vc_single_image image=&#8220;729&#8243; img_size=&#8220;full&#8220;][\/vc_column_inner][\/vc_row_inner][vc_empty_space][\/vc_column][\/vc_row]<\/p>\n<\/div>","protected":false},"excerpt":{"rendered":"<p>[vc_row type=&#8220;grid&#8220; css=&#8220;.vc_custom_1481138188016{padding-top: 100px !important;padding-bottom: 100px !important;}&#8220;][vc_column][vc_row_inner type=&#8220;grid&#8220;][vc_column_inner][vc_single_image image=&#8220;675&#8243; img_size=&#8220;medium&#8220; alignment=&#8220;center&#8220; css=&#8220;.vc_custom_1443134961746{margin-top: 20px !important;margin-right: 10px !important;margin-bottom: 40px !important;margin-left: 10px !important;}&#8220;][vc_column_text]&#8230;<\/p>\n","protected":false},"author":2,"featured_media":0,"parent":0,"menu_order":0,"comment_status":"open","ping_status":"open","template":"full_width.php","meta":{"footnotes":""},"class_list":["post-1180","page","type-page","status-publish","hentry"],"yoast_head":"<!-- This site is optimized with the Yoast SEO plugin v27.3 - https:\/\/yoast.com\/product\/yoast-seo-wordpress\/ -->\n<title>Inspiration - AlpCamp<\/title>\n<meta name=\"robots\" content=\"index, follow, max-snippet:-1, max-image-preview:large, max-video-preview:-1\" \/>\n<link rel=\"canonical\" href=\"https:\/\/www.alpcamp.eu\/de\/element\/\" \/>\n<meta property=\"og:locale\" content=\"de_DE\" \/>\n<meta property=\"og:type\" content=\"article\" \/>\n<meta property=\"og:title\" content=\"Inspiration - AlpCamp\" \/>\n<meta property=\"og:description\" content=\"[vc_row type=&#8220;grid&#8220; css=&#8220;.vc_custom_1481138188016{padding-top: 100px !important;padding-bottom: 100px !important;}&#8220;][vc_column][vc_row_inner type=&#8220;grid&#8220;][vc_column_inner][vc_single_image image=&#8220;675&#8243; img_size=&#8220;medium&#8220; alignment=&#8220;center&#8220; css=&#8220;.vc_custom_1443134961746{margin-top: 20px !important;margin-right: 10px !important;margin-bottom: 40px !important;margin-left: 10px !important;}&#8220;][vc_column_text]...\" \/>\n<meta property=\"og:url\" content=\"https:\/\/www.alpcamp.eu\/de\/element\/\" \/>\n<meta property=\"og:site_name\" content=\"AlpCamp\" \/>\n<meta property=\"article:publisher\" content=\"https:\/\/www.facebook.com\/Alpcamp.eu\/\" \/>\n<meta property=\"article:modified_time\" content=\"2016-12-07T19:19:35+00:00\" \/>\n<meta name=\"twitter:card\" content=\"summary_large_image\" \/>\n<meta name=\"twitter:label1\" content=\"Gesch\u00e4tzte Lesezeit\" \/>\n\t<meta name=\"twitter:data1\" content=\"4\u00a0Minuten\" \/>\n<script type=\"application\/ld+json\" class=\"yoast-schema-graph\">{\"@context\":\"https:\\\/\\\/schema.org\",\"@graph\":[{\"@type\":\"WebPage\",\"@id\":\"https:\\\/\\\/www.alpcamp.eu\\\/de\\\/element\\\/\",\"url\":\"https:\\\/\\\/www.alpcamp.eu\\\/de\\\/element\\\/\",\"name\":\"Inspiration - AlpCamp\",\"isPartOf\":{\"@id\":\"https:\\\/\\\/www.alpcamp.eu\\\/#website\"},\"datePublished\":\"2015-05-15T10:21:36+00:00\",\"dateModified\":\"2016-12-07T19:19:35+00:00\",\"breadcrumb\":{\"@id\":\"https:\\\/\\\/www.alpcamp.eu\\\/de\\\/element\\\/#breadcrumb\"},\"inLanguage\":\"de\",\"potentialAction\":[{\"@type\":\"ReadAction\",\"target\":[\"https:\\\/\\\/www.alpcamp.eu\\\/de\\\/element\\\/\"]}]},{\"@type\":\"BreadcrumbList\",\"@id\":\"https:\\\/\\\/www.alpcamp.eu\\\/de\\\/element\\\/#breadcrumb\",\"itemListElement\":[{\"@type\":\"ListItem\",\"position\":1,\"name\":\"Home\",\"item\":\"https:\\\/\\\/www.alpcamp.eu\\\/de\\\/\"},{\"@type\":\"ListItem\",\"position\":2,\"name\":\"Inspiration\"}]},{\"@type\":\"WebSite\",\"@id\":\"https:\\\/\\\/www.alpcamp.eu\\\/#website\",\"url\":\"https:\\\/\\\/www.alpcamp.eu\\\/\",\"name\":\"AlpCamp\",\"description\":\"\",\"publisher\":{\"@id\":\"https:\\\/\\\/www.alpcamp.eu\\\/#organization\"},\"potentialAction\":[{\"@type\":\"SearchAction\",\"target\":{\"@type\":\"EntryPoint\",\"urlTemplate\":\"https:\\\/\\\/www.alpcamp.eu\\\/?s={search_term_string}\"},\"query-input\":{\"@type\":\"PropertyValueSpecification\",\"valueRequired\":true,\"valueName\":\"search_term_string\"}}],\"inLanguage\":\"de\"},{\"@type\":\"Organization\",\"@id\":\"https:\\\/\\\/www.alpcamp.eu\\\/#organization\",\"name\":\"12Camp BV\",\"url\":\"https:\\\/\\\/www.alpcamp.eu\\\/\",\"logo\":{\"@type\":\"ImageObject\",\"inLanguage\":\"de\",\"@id\":\"https:\\\/\\\/www.alpcamp.eu\\\/#\\\/schema\\\/logo\\\/image\\\/\",\"url\":\"https:\\\/\\\/www.alpcamp.eu\\\/wp-content\\\/uploads\\\/2015\\\/08\\\/logo-12Campv2.1-01.png\",\"contentUrl\":\"https:\\\/\\\/www.alpcamp.eu\\\/wp-content\\\/uploads\\\/2015\\\/08\\\/logo-12Campv2.1-01.png\",\"width\":953,\"height\":337,\"caption\":\"12Camp BV\"},\"image\":{\"@id\":\"https:\\\/\\\/www.alpcamp.eu\\\/#\\\/schema\\\/logo\\\/image\\\/\"},\"sameAs\":[\"https:\\\/\\\/www.facebook.com\\\/Alpcamp.eu\\\/\"]}]}<\/script>\n<!-- \/ Yoast SEO plugin. -->","yoast_head_json":{"title":"Inspiration - AlpCamp","robots":{"index":"index","follow":"follow","max-snippet":"max-snippet:-1","max-image-preview":"max-image-preview:large","max-video-preview":"max-video-preview:-1"},"canonical":"https:\/\/www.alpcamp.eu\/de\/element\/","og_locale":"de_DE","og_type":"article","og_title":"Inspiration - AlpCamp","og_description":"[vc_row type=&#8220;grid&#8220; css=&#8220;.vc_custom_1481138188016{padding-top: 100px !important;padding-bottom: 100px !important;}&#8220;][vc_column][vc_row_inner type=&#8220;grid&#8220;][vc_column_inner][vc_single_image image=&#8220;675&#8243; img_size=&#8220;medium&#8220; alignment=&#8220;center&#8220; css=&#8220;.vc_custom_1443134961746{margin-top: 20px !important;margin-right: 10px !important;margin-bottom: 40px !important;margin-left: 10px !important;}&#8220;][vc_column_text]...","og_url":"https:\/\/www.alpcamp.eu\/de\/element\/","og_site_name":"AlpCamp","article_publisher":"https:\/\/www.facebook.com\/Alpcamp.eu\/","article_modified_time":"2016-12-07T19:19:35+00:00","twitter_card":"summary_large_image","twitter_misc":{"Gesch\u00e4tzte Lesezeit":"4\u00a0Minuten"},"schema":{"@context":"https:\/\/schema.org","@graph":[{"@type":"WebPage","@id":"https:\/\/www.alpcamp.eu\/de\/element\/","url":"https:\/\/www.alpcamp.eu\/de\/element\/","name":"Inspiration - AlpCamp","isPartOf":{"@id":"https:\/\/www.alpcamp.eu\/#website"},"datePublished":"2015-05-15T10:21:36+00:00","dateModified":"2016-12-07T19:19:35+00:00","breadcrumb":{"@id":"https:\/\/www.alpcamp.eu\/de\/element\/#breadcrumb"},"inLanguage":"de","potentialAction":[{"@type":"ReadAction","target":["https:\/\/www.alpcamp.eu\/de\/element\/"]}]},{"@type":"BreadcrumbList","@id":"https:\/\/www.alpcamp.eu\/de\/element\/#breadcrumb","itemListElement":[{"@type":"ListItem","position":1,"name":"Home","item":"https:\/\/www.alpcamp.eu\/de\/"},{"@type":"ListItem","position":2,"name":"Inspiration"}]},{"@type":"WebSite","@id":"https:\/\/www.alpcamp.eu\/#website","url":"https:\/\/www.alpcamp.eu\/","name":"AlpCamp","description":"","publisher":{"@id":"https:\/\/www.alpcamp.eu\/#organization"},"potentialAction":[{"@type":"SearchAction","target":{"@type":"EntryPoint","urlTemplate":"https:\/\/www.alpcamp.eu\/?s={search_term_string}"},"query-input":{"@type":"PropertyValueSpecification","valueRequired":true,"valueName":"search_term_string"}}],"inLanguage":"de"},{"@type":"Organization","@id":"https:\/\/www.alpcamp.eu\/#organization","name":"12Camp BV","url":"https:\/\/www.alpcamp.eu\/","logo":{"@type":"ImageObject","inLanguage":"de","@id":"https:\/\/www.alpcamp.eu\/#\/schema\/logo\/image\/","url":"https:\/\/www.alpcamp.eu\/wp-content\/uploads\/2015\/08\/logo-12Campv2.1-01.png","contentUrl":"https:\/\/www.alpcamp.eu\/wp-content\/uploads\/2015\/08\/logo-12Campv2.1-01.png","width":953,"height":337,"caption":"12Camp BV"},"image":{"@id":"https:\/\/www.alpcamp.eu\/#\/schema\/logo\/image\/"},"sameAs":["https:\/\/www.facebook.com\/Alpcamp.eu\/"]}]}},"_links":{"self":[{"href":"https:\/\/www.alpcamp.eu\/de\/wp-json\/wp\/v2\/pages\/1180","targetHints":{"allow":["GET"]}}],"collection":[{"href":"https:\/\/www.alpcamp.eu\/de\/wp-json\/wp\/v2\/pages"}],"about":[{"href":"https:\/\/www.alpcamp.eu\/de\/wp-json\/wp\/v2\/types\/page"}],"author":[{"embeddable":true,"href":"https:\/\/www.alpcamp.eu\/de\/wp-json\/wp\/v2\/users\/2"}],"replies":[{"embeddable":true,"href":"https:\/\/www.alpcamp.eu\/de\/wp-json\/wp\/v2\/comments?post=1180"}],"version-history":[{"count":17,"href":"https:\/\/www.alpcamp.eu\/de\/wp-json\/wp\/v2\/pages\/1180\/revisions"}],"predecessor-version":[{"id":2124,"href":"https:\/\/www.alpcamp.eu\/de\/wp-json\/wp\/v2\/pages\/1180\/revisions\/2124"}],"wp:attachment":[{"href":"https:\/\/www.alpcamp.eu\/de\/wp-json\/wp\/v2\/media?parent=1180"}],"curies":[{"name":"wp","href":"https:\/\/api.w.org\/{rel}","templated":true}]}}