{"id":1343,"date":"2015-07-17T13:34:47","date_gmt":"2015-07-17T12:34:47","guid":{"rendered":"http:\/\/www.alpcamp.eu\/de\/zomer\/"},"modified":"2016-03-07T13:15:07","modified_gmt":"2016-03-07T12:15:07","slug":"zomer","status":"publish","type":"page","link":"https:\/\/www.alpcamp.eu\/de\/zomer\/","title":{"rendered":"Sommer"},"content":{"rendered":"<div class=\"wpb-content-wrapper\"><p>[vc_row css=&#8220;.vc_custom_1437134894561{padding-top: 100px !important;padding-bottom: 100px !important;}&#8220; row_type=&#8220;row&#8220; use_row_as_full_screen_section=&#8220;no&#8220; type=&#8220;full_width&#8220; angled_section=&#8220;no&#8220; angled_section_position=&#8220;both&#8220; angled_section_direction=&#8220;from_left_to_right&#8220; text_align=&#8220;left&#8220; background_image_as_pattern=&#8220;without_pattern&#8220;][vc_column width=&#8220;1\/1&#8243;][vc_row_inner row_type=&#8220;row&#8220; use_as_box=&#8220;&#8220; type=&#8220;grid&#8220; text_align=&#8220;left&#8220;][vc_column_inner width=&#8220;1\/4&#8243;]<br \/>\n[\/vc_column_inner][vc_column_inner width=&#8220;1\/2&#8243;][vc_column_text]<\/p>\n<p style=\"text-align: center;\"><strong>Endlich\u00a0ist der Sommer da. Es ist in den Alpen sehr viel wohler als in der br\u00fctenden S\u00fcdeuropa. Die Kinder vergn\u00fcgen sich auf dem Bergsee oder n\u00e4her im Pool. Oh, es gibt viel Kinder zum Spielen. Und wenn sie zur\u00fcckkehren sprechen sie schon ein Wort \u00fcber die Grenze! Ginge\u00a0 diesen Sommer nur nicht vor\u00fcber . .\u00a0<\/strong><\/p>\n<p>[\/vc_column_text][\/vc_column_inner][vc_column_inner width=&#8220;1\/4&#8243;]<br \/>\n[\/vc_column_inner][\/vc_row_inner][\/vc_column][\/vc_row][vc_row row_type=&#8220;row&#8220; use_row_as_full_screen_section=&#8220;no&#8220; type=&#8220;full_width&#8220; angled_section=&#8220;no&#8220; angled_section_position=&#8220;both&#8220; angled_section_direction=&#8220;from_left_to_right&#8220; text_align=&#8220;left&#8220; background_image_as_pattern=&#8220;without_pattern&#8220; background_color=&#8220;#ffffff&#8220; padding_top=&#8220;100&#8243; padding_bottom=&#8220;100&#8243;][vc_column width=&#8220;1\/1&#8243;][vc_row_inner row_type=&#8220;row&#8220; use_as_box=&#8220;&#8220; type=&#8220;grid&#8220; text_align=&#8220;left&#8220;][vc_column_inner width=&#8220;1\/2&#8243;][vc_single_image image=&#8220;445&#8243; border_color=&#8220;grey&#8220; img_link_large=&#8220;&#8220; img_link_target=&#8220;_self&#8220; img_size=&#8220;full&#8220;][\/vc_column_inner][vc_column_inner width=&#8220;1\/2&#8243;][vc_column_text]<\/p>\n<h3>Zeit f\u00fcr dich selbst<\/h3>\n<p>[vc_separator type=&#8217;small&#8216; position=&#8217;left&#8216; color=&#8220; thickness=&#8220; up=&#8220; down=&#8220;]<\/p>\n<p>Sie brauchen sich praktisch keine Sorgen mehr zu machen. Die Kinder sind den ganzen Tag besch\u00e4ftigt. So haben die Eltern auch Zeit f\u00fcr sich selbst.[\/vc_column_text][\/vc_column_inner][\/vc_row_inner][\/vc_column][\/vc_row][vc_row row_type=&#8220;row&#8220; use_row_as_full_screen_section=&#8220;no&#8220; type=&#8220;full_width&#8220; angled_section=&#8220;no&#8220; angled_section_position=&#8220;both&#8220; angled_section_direction=&#8220;from_left_to_right&#8220; text_align=&#8220;left&#8220; background_image_as_pattern=&#8220;without_pattern&#8220; padding_top=&#8220;100&#8243; padding_bottom=&#8220;100&#8243;][vc_column width=&#8220;1\/1&#8243;][vc_row_inner row_type=&#8220;row&#8220; use_as_box=&#8220;&#8220; type=&#8220;grid&#8220; text_align=&#8220;left&#8220;][vc_column_inner width=&#8220;1\/2&#8243;][vc_column_text]<\/p>\n<h3>Grill<\/h3>\n<p>[vc_separator type=&#8217;small&#8216; position=&#8217;left&#8216; color=&#8220; thickness=&#8220; up=&#8220; down=&#8220;]<\/p>\n<p>Laue Sommerabende auf dem Campingplatz eignen sich prima zum Grillen. Und Sie m\u00fcssen nicht fahren . . . . , also dann kann ein sch\u00f6nes Glas Wein getrunken werden![\/vc_column_text][\/vc_column_inner][vc_column_inner width=&#8220;1\/2&#8243;][vc_single_image image=&#8220;453&#8243; border_color=&#8220;grey&#8220; img_link_large=&#8220;&#8220; img_link_target=&#8220;_self&#8220; img_size=&#8220;full&#8220;][\/vc_column_inner][\/vc_row_inner][\/vc_column][\/vc_row][vc_row row_type=&#8220;row&#8220; use_row_as_full_screen_section=&#8220;no&#8220; type=&#8220;full_width&#8220; angled_section=&#8220;no&#8220; angled_section_position=&#8220;both&#8220; angled_section_direction=&#8220;from_left_to_right&#8220; text_align=&#8220;left&#8220; background_image_as_pattern=&#8220;without_pattern&#8220; background_color=&#8220;#ffffff&#8220; padding_top=&#8220;100&#8243; padding_bottom=&#8220;100&#8243;][vc_column width=&#8220;1\/1&#8243;][vc_row_inner row_type=&#8220;row&#8220; use_as_box=&#8220;&#8220; type=&#8220;grid&#8220; text_align=&#8220;left&#8220;][vc_column_inner width=&#8220;1\/2&#8243;][vc_single_image image=&#8220;447&#8243; border_color=&#8220;grey&#8220; img_link_large=&#8220;&#8220; img_link_target=&#8220;_self&#8220; img_size=&#8220;full&#8220; link=&#8220;\/actief\/rafting\/&#8220;][\/vc_column_inner][vc_column_inner width=&#8220;1\/2&#8243;][vc_column_text]<\/p>\n<h3>K\u00fchle<\/h3>\n<p>[vc_separator type=&#8217;small&#8216; position=&#8217;left&#8216; color=&#8220; thickness=&#8220; up=&#8220; down=&#8220;]<\/p>\n<p>K\u00fchlung im Fluss. Was k\u00f6nnte an einem hei\u00dfen Sommertag besser sein. Und haben Sie es nicht so auf das Wildwasser fahren, dann gibt es auf jeden Fall immer noch einen sch\u00f6nen Ort zum Schwimmen oder einen guten Platz um Ihre Angelrute zu werfen. Was wird die Forelle auf dem Grill schmecken.[\/vc_column_text][\/vc_column_inner][\/vc_row_inner][\/vc_column][\/vc_row][vc_row row_type=&#8220;row&#8220; use_row_as_full_screen_section=&#8220;no&#8220; type=&#8220;grid&#8220; angled_section=&#8220;no&#8220; angled_section_position=&#8220;both&#8220; angled_section_direction=&#8220;from_left_to_right&#8220; text_align=&#8220;left&#8220; background_image_as_pattern=&#8220;without_pattern&#8220; padding_top=&#8220;100&#8243;][vc_column width=&#8220;1\/1&#8243;][vc_column_text]<\/p>\n<h3 style=\"text-align: center;\">Andere Jahreszeiten<\/h3>\n<p>[vc_separator type=&#8217;small&#8216; position=&#8217;center&#8216; color=&#8220; thickness=&#8220; up=&#8220; down=&#8220;][\/vc_column_text][\/vc_column][\/vc_row][vc_row row_type=&#8220;row&#8220; use_row_as_full_screen_section=&#8220;no&#8220; type=&#8220;grid&#8220; angled_section=&#8220;no&#8220; angled_section_position=&#8220;both&#8220; angled_section_direction=&#8220;from_left_to_right&#8220; text_align=&#8220;left&#8220; background_image_as_pattern=&#8220;without_pattern&#8220; padding_bottom=&#8220;100&#8243;][vc_column width=&#8220;1\/3&#8243;]<div class=\"q_image_with_text_over \"><div class=\"shader\"><\/div><img decoding=\"async\" src=\"https:\/\/www.alpcamp.eu\/wp-content\/uploads\/2015\/07\/springkopie.jpg\" alt=\"\" \/><div class=\"text\"><table><tr><td><h3 class=\"caption no_icon\" style=\"\"><\/h3><\/td><\/tr><\/table><table><tr><td><div class=\"desc\"><\/p>\n<h2 style=\"text-align: center; color: #ffffff;\">Fr\u00fchling<\/h2>\n<h5 style=\"text-align: center; color: #ffffff;\">Genie\u00dfe der aufbl\u00fchende Natur aus einem ger\u00e4umigen Zuhause!<\/h5>\n<p style=\"text-align: center;\"><a href=\"\/de\/lente\" target=\"_self\" data-hover-background-color=#222222 data-hover-border-color=#222222  class=\"qbutton \" style=\"border-color: #81c2e2; margin: 20px 0 0 0; background-color: #81c2e2;\">mehr lesen<\/a><\/p>\n<p><\/div><\/td><\/tr><\/table><\/div><\/div>[\/vc_column][vc_column width=&#8220;1\/3&#8243;]<div class=\"q_image_with_text_over \"><div class=\"shader\"><\/div><img decoding=\"async\" src=\"https:\/\/www.alpcamp.eu\/wp-content\/uploads\/2015\/07\/fallkopie.jpg\" alt=\"\" \/><div class=\"text\"><table><tr><td><h3 class=\"caption no_icon\" style=\"\"><\/h3><\/td><\/tr><\/table><table><tr><td><div class=\"desc\"><\/p>\n<h2 style=\"text-align: center; color: #ffffff;\">Herbst<\/h2>\n<h5 style=\"text-align: center; color: #ffffff;\">Eine Farbzusammenstellung von roten, gelben und braunen Herbstfarben bringen Ihnen Ruhe!<\/h5>\n<p style=\"text-align: center;\"><a href=\"\/de\/herfst\" target=\"_self\" data-hover-background-color=#222222 data-hover-border-color=#222222  class=\"qbutton  center white\" style=\"color: #ffffff; border-color: #855d18; margin: 20px 0 0 0; background-color: #855d18;\">mehr lesen<\/a><\/p>\n<p><\/div><\/td><\/tr><\/table><\/div><\/div>[\/vc_column][vc_column width=&#8220;1\/3&#8243;]<div class=\"q_image_with_text_over \"><div class=\"shader\"><\/div><img decoding=\"async\" src=\"https:\/\/www.alpcamp.eu\/wp-content\/uploads\/2015\/07\/winterkopie.jpg\" alt=\"\" \/><div class=\"text\"><table><tr><td><h3 class=\"caption no_icon\" style=\"\"><\/h3><\/td><\/tr><\/table><table><tr><td><div class=\"desc\"><\/p>\n<h2 style=\"text-align: center; color: #ffffff;\">Winter<\/h2>\n<h5 style=\"text-align: center; color: #ffffff;\">Glamping im Winter, Erlebt es zusammen<\/h5>\n<p style=\"text-align: center;\"><a href=\"\/de\/winter\" target=\"_self\" data-hover-background-color=#222222 data-hover-border-color=#222222  class=\"qbutton  center\" style=\"border-color: #afafaf; margin: 20px 0 0 0; background-color: #afafaf;\">mehr lesen<\/a><\/p>\n<p><\/div><\/td><\/tr><\/table><\/div><\/div>[\/vc_column][\/vc_row]<\/p>\n<\/div>","protected":false},"excerpt":{"rendered":"<p>[vc_row css=&#8220;.vc_custom_1437134894561{padding-top: 100px !important;padding-bottom: 100px !important;}&#8220; row_type=&#8220;row&#8220; use_row_as_full_screen_section=&#8220;no&#8220; type=&#8220;full_width&#8220; angled_section=&#8220;no&#8220; angled_section_position=&#8220;both&#8220; angled_section_direction=&#8220;from_left_to_right&#8220; text_align=&#8220;left&#8220; background_image_as_pattern=&#8220;without_pattern&#8220;][vc_column width=&#8220;1\/1&#8243;][vc_row_inner row_type=&#8220;row&#8220; use_as_box=&#8220;&#8220; type=&#8220;grid&#8220; text_align=&#8220;left&#8220;][vc_column_inner width=&#8220;1\/4&#8243;]&#8230;<\/p>\n","protected":false},"author":2,"featured_media":0,"parent":0,"menu_order":0,"comment_status":"open","ping_status":"open","template":"full_width.php","meta":{"footnotes":""},"class_list":["post-1343","page","type-page","status-publish","hentry"],"yoast_head":"<!-- This site is optimized with the Yoast SEO plugin v27.3 - https:\/\/yoast.com\/product\/yoast-seo-wordpress\/ -->\n<title>Sommer - AlpCamp<\/title>\n<meta name=\"robots\" content=\"index, follow, max-snippet:-1, max-image-preview:large, max-video-preview:-1\" \/>\n<link rel=\"canonical\" href=\"https:\/\/www.alpcamp.eu\/de\/zomer\/\" \/>\n<meta property=\"og:locale\" content=\"de_DE\" \/>\n<meta property=\"og:type\" content=\"article\" \/>\n<meta property=\"og:title\" content=\"Sommer - AlpCamp\" \/>\n<meta property=\"og:description\" content=\"[vc_row css=&#8220;.vc_custom_1437134894561{padding-top: 100px !important;padding-bottom: 100px !important;}&#8220; row_type=&#8220;row&#8220; use_row_as_full_screen_section=&#8220;no&#8220; type=&#8220;full_width&#8220; angled_section=&#8220;no&#8220; angled_section_position=&#8220;both&#8220; angled_section_direction=&#8220;from_left_to_right&#8220; text_align=&#8220;left&#8220; background_image_as_pattern=&#8220;without_pattern&#8220;][vc_column width=&#8220;1\/1&#8243;][vc_row_inner row_type=&#8220;row&#8220; use_as_box=&#8220;&#8220; type=&#8220;grid&#8220; text_align=&#8220;left&#8220;][vc_column_inner width=&#8220;1\/4&#8243;]...\" \/>\n<meta property=\"og:url\" content=\"https:\/\/www.alpcamp.eu\/de\/zomer\/\" \/>\n<meta property=\"og:site_name\" content=\"AlpCamp\" \/>\n<meta property=\"article:publisher\" content=\"https:\/\/www.facebook.com\/Alpcamp.eu\/\" \/>\n<meta property=\"article:modified_time\" content=\"2016-03-07T12:15:07+00:00\" \/>\n<meta name=\"twitter:card\" content=\"summary_large_image\" \/>\n<meta name=\"twitter:label1\" content=\"Gesch\u00e4tzte Lesezeit\" \/>\n\t<meta name=\"twitter:data1\" content=\"5\u00a0Minuten\" \/>\n<script type=\"application\/ld+json\" class=\"yoast-schema-graph\">{\"@context\":\"https:\\\/\\\/schema.org\",\"@graph\":[{\"@type\":\"WebPage\",\"@id\":\"https:\\\/\\\/www.alpcamp.eu\\\/de\\\/zomer\\\/\",\"url\":\"https:\\\/\\\/www.alpcamp.eu\\\/de\\\/zomer\\\/\",\"name\":\"Sommer - AlpCamp\",\"isPartOf\":{\"@id\":\"https:\\\/\\\/www.alpcamp.eu\\\/#website\"},\"datePublished\":\"2015-07-17T12:34:47+00:00\",\"dateModified\":\"2016-03-07T12:15:07+00:00\",\"breadcrumb\":{\"@id\":\"https:\\\/\\\/www.alpcamp.eu\\\/de\\\/zomer\\\/#breadcrumb\"},\"inLanguage\":\"de\",\"potentialAction\":[{\"@type\":\"ReadAction\",\"target\":[\"https:\\\/\\\/www.alpcamp.eu\\\/de\\\/zomer\\\/\"]}]},{\"@type\":\"BreadcrumbList\",\"@id\":\"https:\\\/\\\/www.alpcamp.eu\\\/de\\\/zomer\\\/#breadcrumb\",\"itemListElement\":[{\"@type\":\"ListItem\",\"position\":1,\"name\":\"Home\",\"item\":\"https:\\\/\\\/www.alpcamp.eu\\\/de\\\/\"},{\"@type\":\"ListItem\",\"position\":2,\"name\":\"Sommer\"}]},{\"@type\":\"WebSite\",\"@id\":\"https:\\\/\\\/www.alpcamp.eu\\\/#website\",\"url\":\"https:\\\/\\\/www.alpcamp.eu\\\/\",\"name\":\"AlpCamp\",\"description\":\"\",\"publisher\":{\"@id\":\"https:\\\/\\\/www.alpcamp.eu\\\/#organization\"},\"potentialAction\":[{\"@type\":\"SearchAction\",\"target\":{\"@type\":\"EntryPoint\",\"urlTemplate\":\"https:\\\/\\\/www.alpcamp.eu\\\/?s={search_term_string}\"},\"query-input\":{\"@type\":\"PropertyValueSpecification\",\"valueRequired\":true,\"valueName\":\"search_term_string\"}}],\"inLanguage\":\"de\"},{\"@type\":\"Organization\",\"@id\":\"https:\\\/\\\/www.alpcamp.eu\\\/#organization\",\"name\":\"12Camp BV\",\"url\":\"https:\\\/\\\/www.alpcamp.eu\\\/\",\"logo\":{\"@type\":\"ImageObject\",\"inLanguage\":\"de\",\"@id\":\"https:\\\/\\\/www.alpcamp.eu\\\/#\\\/schema\\\/logo\\\/image\\\/\",\"url\":\"https:\\\/\\\/www.alpcamp.eu\\\/wp-content\\\/uploads\\\/2015\\\/08\\\/logo-12Campv2.1-01.png\",\"contentUrl\":\"https:\\\/\\\/www.alpcamp.eu\\\/wp-content\\\/uploads\\\/2015\\\/08\\\/logo-12Campv2.1-01.png\",\"width\":953,\"height\":337,\"caption\":\"12Camp BV\"},\"image\":{\"@id\":\"https:\\\/\\\/www.alpcamp.eu\\\/#\\\/schema\\\/logo\\\/image\\\/\"},\"sameAs\":[\"https:\\\/\\\/www.facebook.com\\\/Alpcamp.eu\\\/\"]}]}<\/script>\n<!-- \/ Yoast SEO plugin. -->","yoast_head_json":{"title":"Sommer - AlpCamp","robots":{"index":"index","follow":"follow","max-snippet":"max-snippet:-1","max-image-preview":"max-image-preview:large","max-video-preview":"max-video-preview:-1"},"canonical":"https:\/\/www.alpcamp.eu\/de\/zomer\/","og_locale":"de_DE","og_type":"article","og_title":"Sommer - AlpCamp","og_description":"[vc_row css=&#8220;.vc_custom_1437134894561{padding-top: 100px !important;padding-bottom: 100px !important;}&#8220; row_type=&#8220;row&#8220; use_row_as_full_screen_section=&#8220;no&#8220; type=&#8220;full_width&#8220; angled_section=&#8220;no&#8220; angled_section_position=&#8220;both&#8220; angled_section_direction=&#8220;from_left_to_right&#8220; text_align=&#8220;left&#8220; background_image_as_pattern=&#8220;without_pattern&#8220;][vc_column width=&#8220;1\/1&#8243;][vc_row_inner row_type=&#8220;row&#8220; use_as_box=&#8220;&#8220; type=&#8220;grid&#8220; text_align=&#8220;left&#8220;][vc_column_inner width=&#8220;1\/4&#8243;]...","og_url":"https:\/\/www.alpcamp.eu\/de\/zomer\/","og_site_name":"AlpCamp","article_publisher":"https:\/\/www.facebook.com\/Alpcamp.eu\/","article_modified_time":"2016-03-07T12:15:07+00:00","twitter_card":"summary_large_image","twitter_misc":{"Gesch\u00e4tzte Lesezeit":"5\u00a0Minuten"},"schema":{"@context":"https:\/\/schema.org","@graph":[{"@type":"WebPage","@id":"https:\/\/www.alpcamp.eu\/de\/zomer\/","url":"https:\/\/www.alpcamp.eu\/de\/zomer\/","name":"Sommer - AlpCamp","isPartOf":{"@id":"https:\/\/www.alpcamp.eu\/#website"},"datePublished":"2015-07-17T12:34:47+00:00","dateModified":"2016-03-07T12:15:07+00:00","breadcrumb":{"@id":"https:\/\/www.alpcamp.eu\/de\/zomer\/#breadcrumb"},"inLanguage":"de","potentialAction":[{"@type":"ReadAction","target":["https:\/\/www.alpcamp.eu\/de\/zomer\/"]}]},{"@type":"BreadcrumbList","@id":"https:\/\/www.alpcamp.eu\/de\/zomer\/#breadcrumb","itemListElement":[{"@type":"ListItem","position":1,"name":"Home","item":"https:\/\/www.alpcamp.eu\/de\/"},{"@type":"ListItem","position":2,"name":"Sommer"}]},{"@type":"WebSite","@id":"https:\/\/www.alpcamp.eu\/#website","url":"https:\/\/www.alpcamp.eu\/","name":"AlpCamp","description":"","publisher":{"@id":"https:\/\/www.alpcamp.eu\/#organization"},"potentialAction":[{"@type":"SearchAction","target":{"@type":"EntryPoint","urlTemplate":"https:\/\/www.alpcamp.eu\/?s={search_term_string}"},"query-input":{"@type":"PropertyValueSpecification","valueRequired":true,"valueName":"search_term_string"}}],"inLanguage":"de"},{"@type":"Organization","@id":"https:\/\/www.alpcamp.eu\/#organization","name":"12Camp BV","url":"https:\/\/www.alpcamp.eu\/","logo":{"@type":"ImageObject","inLanguage":"de","@id":"https:\/\/www.alpcamp.eu\/#\/schema\/logo\/image\/","url":"https:\/\/www.alpcamp.eu\/wp-content\/uploads\/2015\/08\/logo-12Campv2.1-01.png","contentUrl":"https:\/\/www.alpcamp.eu\/wp-content\/uploads\/2015\/08\/logo-12Campv2.1-01.png","width":953,"height":337,"caption":"12Camp BV"},"image":{"@id":"https:\/\/www.alpcamp.eu\/#\/schema\/logo\/image\/"},"sameAs":["https:\/\/www.facebook.com\/Alpcamp.eu\/"]}]}},"_links":{"self":[{"href":"https:\/\/www.alpcamp.eu\/de\/wp-json\/wp\/v2\/pages\/1343","targetHints":{"allow":["GET"]}}],"collection":[{"href":"https:\/\/www.alpcamp.eu\/de\/wp-json\/wp\/v2\/pages"}],"about":[{"href":"https:\/\/www.alpcamp.eu\/de\/wp-json\/wp\/v2\/types\/page"}],"author":[{"embeddable":true,"href":"https:\/\/www.alpcamp.eu\/de\/wp-json\/wp\/v2\/users\/2"}],"replies":[{"embeddable":true,"href":"https:\/\/www.alpcamp.eu\/de\/wp-json\/wp\/v2\/comments?post=1343"}],"version-history":[{"count":5,"href":"https:\/\/www.alpcamp.eu\/de\/wp-json\/wp\/v2\/pages\/1343\/revisions"}],"predecessor-version":[{"id":1843,"href":"https:\/\/www.alpcamp.eu\/de\/wp-json\/wp\/v2\/pages\/1343\/revisions\/1843"}],"wp:attachment":[{"href":"https:\/\/www.alpcamp.eu\/de\/wp-json\/wp\/v2\/media?parent=1343"}],"curies":[{"name":"wp","href":"https:\/\/api.w.org\/{rel}","templated":true}]}}