{"id":1346,"date":"2015-07-17T13:28:40","date_gmt":"2015-07-17T12:28:40","guid":{"rendered":"http:\/\/www.alpcamp.eu\/de\/lente\/"},"modified":"2016-03-07T13:19:54","modified_gmt":"2016-03-07T12:19:54","slug":"lente","status":"publish","type":"page","link":"https:\/\/www.alpcamp.eu\/de\/lente\/","title":{"rendered":"Fr\u00fchling"},"content":{"rendered":"<div class=\"wpb-content-wrapper\"><p>[vc_row css=&#8220;.vc_custom_1437134894561{padding-top: 100px !important;padding-bottom: 100px !important;}&#8220; row_type=&#8220;row&#8220; use_row_as_full_screen_section=&#8220;no&#8220; type=&#8220;full_width&#8220; angled_section=&#8220;no&#8220; angled_section_position=&#8220;both&#8220; angled_section_direction=&#8220;from_left_to_right&#8220; text_align=&#8220;left&#8220; background_image_as_pattern=&#8220;without_pattern&#8220;][vc_column width=&#8220;1\/1&#8243;][vc_row_inner row_type=&#8220;row&#8220; use_as_box=&#8220;&#8220; type=&#8220;grid&#8220; text_align=&#8220;left&#8220;][vc_column_inner width=&#8220;1\/4&#8243;]<br \/>\n[\/vc_column_inner][vc_column_inner width=&#8220;1\/2&#8243;][vc_column_text]<\/p>\n<p style=\"text-align: center;\"><strong> Die Natur bl\u00fcht auf. Der junge Laub springt in frischen Gr\u00fcn-und Gelbt\u00f6nen auf.\u00a0Am Morgen noch einige Frische, aber bald ist die Temperatur angenehm. Dann, nach einem sch\u00f6nen Fr\u00fchst\u00fcck kommen die Fahrr\u00e4der f\u00fcr eine lustige Fahrt. Mittags dann eine Terasse in einem gem\u00fctlichen Bergdorf. Wie sch\u00f6n das Leben ist ..<\/strong><\/p>\n<p>[\/vc_column_text][\/vc_column_inner][vc_column_inner width=&#8220;1\/4&#8243;]<br \/>\n[\/vc_column_inner][\/vc_row_inner][\/vc_column][\/vc_row][vc_row row_type=&#8220;row&#8220; use_row_as_full_screen_section=&#8220;no&#8220; type=&#8220;full_width&#8220; angled_section=&#8220;no&#8220; angled_section_position=&#8220;both&#8220; angled_section_direction=&#8220;from_left_to_right&#8220; text_align=&#8220;left&#8220; background_image_as_pattern=&#8220;without_pattern&#8220; background_color=&#8220;#ffffff&#8220; padding_top=&#8220;100&#8243; padding_bottom=&#8220;100&#8243;][vc_column width=&#8220;1\/1&#8243;][vc_row_inner row_type=&#8220;row&#8220; use_as_box=&#8220;&#8220; type=&#8220;grid&#8220; text_align=&#8220;left&#8220;][vc_column_inner width=&#8220;1\/2&#8243;][vc_single_image image=&#8220;21&#8243; border_color=&#8220;grey&#8220; img_link_large=&#8220;&#8220; img_link_target=&#8220;_self&#8220; img_size=&#8220;full&#8220; link=&#8220;\/actief\/fietsen\/&#8220;][\/vc_column_inner][vc_column_inner width=&#8220;1\/2&#8243;][vc_column_text]<\/p>\n<h3>Nehmt das Fahrrad<\/h3>\n<p>[vc_separator type=&#8217;small&#8216; position=&#8217;left&#8216; color=&#8220; thickness=&#8220; up=&#8220; down=&#8220;]<\/p>\n<p>Miete ein Fahrrad und fahre. Erlebe die Umgebung und atme die Fr\u00fchlingsluft. Setze die Beinmuskulatur an die Arbeit und werde wieder fit an der frischen Luft.[\/vc_column_text][\/vc_column_inner][\/vc_row_inner][\/vc_column][\/vc_row][vc_row row_type=&#8220;row&#8220; use_row_as_full_screen_section=&#8220;no&#8220; type=&#8220;full_width&#8220; angled_section=&#8220;no&#8220; angled_section_position=&#8220;both&#8220; angled_section_direction=&#8220;from_left_to_right&#8220; text_align=&#8220;left&#8220; background_image_as_pattern=&#8220;without_pattern&#8220; padding_top=&#8220;100&#8243; padding_bottom=&#8220;100&#8243;][vc_column width=&#8220;1\/1&#8243;][vc_row_inner row_type=&#8220;row&#8220; use_as_box=&#8220;&#8220; type=&#8220;grid&#8220; text_align=&#8220;left&#8220;][vc_column_inner width=&#8220;1\/2&#8243;][vc_column_text]<strong>Entspannen<\/strong><\/p>\n<p>[vc_separator type=&#8217;small&#8216; position=&#8217;left&#8216; color=&#8220; thickness=&#8220; up=&#8220; down=&#8220;]<\/p>\n<p>Nach getane Anstrengung ist es Zeit f\u00fcr einen Salatteller und ein Getr\u00e4nk. Dann, wieder aufgeladen und aufgefrischt, zur\u00fcck in Ihr Element.[\/vc_column_text][\/vc_column_inner][vc_column_inner width=&#8220;1\/2&#8243;][vc_single_image image=&#8220;444&#8243; border_color=&#8220;grey&#8220; img_link_large=&#8220;&#8220; img_link_target=&#8220;_self&#8220; img_size=&#8220;full&#8220;][\/vc_column_inner][\/vc_row_inner][\/vc_column][\/vc_row][vc_row row_type=&#8220;row&#8220; use_row_as_full_screen_section=&#8220;no&#8220; type=&#8220;full_width&#8220; angled_section=&#8220;no&#8220; angled_section_position=&#8220;both&#8220; angled_section_direction=&#8220;from_left_to_right&#8220; text_align=&#8220;left&#8220; background_image_as_pattern=&#8220;without_pattern&#8220; background_color=&#8220;#ffffff&#8220; padding_top=&#8220;100&#8243; padding_bottom=&#8220;100&#8243;][vc_column width=&#8220;1\/1&#8243;][vc_row_inner row_type=&#8220;row&#8220; use_as_box=&#8220;&#8220; type=&#8220;grid&#8220; text_align=&#8220;left&#8220;][vc_column_inner width=&#8220;1\/2&#8243;][vc_single_image border_color=&#8220;grey&#8220; img_link_large=&#8220;&#8220; img_link_target=&#8220;_self&#8220; img_size=&#8220;full&#8220; link=&#8220;\/actief\/klimmen\/&#8220; image=&#8220;446&#8243;][\/vc_column_inner][vc_column_inner width=&#8220;1\/2&#8243;][vc_column_text]<\/p>\n<h3>Extrem<\/h3>\n<p>[vc_separator type=&#8217;small&#8216; position=&#8217;left&#8216; color=&#8220; thickness=&#8220; up=&#8220; down=&#8220;]<\/p>\n<p>\u00d6sterreich bietet auch eine Vielzahl von M\u00f6glichkeiten f\u00fcr die Abenteuerlichsten. Denken Sie an eine gute Vorbereitung wenn Sie sich mit Bergsteigen bet\u00e4tigen wollen. In der N\u00e4he von Ihrem Element gibt es oft mehrere Kletterschulen.[\/vc_column_text][\/vc_column_inner][\/vc_row_inner][\/vc_column][\/vc_row][vc_row row_type=&#8220;row&#8220; use_row_as_full_screen_section=&#8220;no&#8220; type=&#8220;grid&#8220; angled_section=&#8220;no&#8220; angled_section_position=&#8220;both&#8220; angled_section_direction=&#8220;from_left_to_right&#8220; text_align=&#8220;left&#8220; background_image_as_pattern=&#8220;without_pattern&#8220; padding_top=&#8220;100&#8243;][vc_column width=&#8220;1\/1&#8243;][vc_column_text]<\/p>\n<h3 style=\"text-align: center;\">Andere Jahreszeiten<\/h3>\n<p>[vc_separator type=&#8217;small&#8216; position=&#8217;center&#8216; color=&#8220; thickness=&#8220; up=&#8220; down=&#8220;][\/vc_column_text][\/vc_column][\/vc_row][vc_row row_type=&#8220;row&#8220; use_row_as_full_screen_section=&#8220;no&#8220; type=&#8220;grid&#8220; angled_section=&#8220;no&#8220; angled_section_position=&#8220;both&#8220; angled_section_direction=&#8220;from_left_to_right&#8220; text_align=&#8220;left&#8220; background_image_as_pattern=&#8220;without_pattern&#8220; padding_bottom=&#8220;100&#8243;][vc_column width=&#8220;1\/3&#8243;]<div class=\"q_image_with_text_over \"><div class=\"shader\"><\/div><img decoding=\"async\" src=\"https:\/\/www.alpcamp.eu\/wp-content\/uploads\/2015\/07\/fallkopie.jpg\" alt=\"\" \/><div class=\"text\"><table><tr><td><h3 class=\"caption no_icon\" style=\"\"><\/h3><\/td><\/tr><\/table><table><tr><td><div class=\"desc\"><\/p>\n<h2 style=\"text-align: center; color: #ffffff;\">Herbst<\/h2>\n<h5 style=\"text-align: center; color: #ffffff;\">Eine Farbzusammenstellung von roten, gelben und braunen Herbstfarben bringen Ihnen Ruhe!<\/h5>\n<p style=\"text-align: center;\"><a href=\"\/de\/herfst\" target=\"_self\" data-hover-background-color=#222222 data-hover-border-color=#222222  class=\"qbutton  center white\" style=\"color: #ffffff; border-color: #855d18; margin: 20px 0 0 0; background-color: #855d18;\">mehr lesen<\/a><\/p>\n<p><\/div><\/td><\/tr><\/table><\/div><\/div>[\/vc_column][vc_column width=&#8220;1\/3&#8243;]<div class=\"q_image_with_text_over \"><div class=\"shader\"><\/div><img decoding=\"async\" src=\"https:\/\/www.alpcamp.eu\/wp-content\/uploads\/2015\/07\/winterkopie.jpg\" alt=\"\" \/><div class=\"text\"><table><tr><td><h3 class=\"caption no_icon\" style=\"\"><\/h3><\/td><\/tr><\/table><table><tr><td><div class=\"desc\"><\/p>\n<h2 style=\"text-align: center; color: #ffffff;\">Winter<\/h2>\n<h5 style=\"text-align: center; color: #ffffff;\">Glamping im Winter, Erlebt es zusammen<\/h5>\n<p style=\"text-align: center;\"><a href=\"\/de\/winter\" target=\"_self\" data-hover-background-color=#222222 data-hover-border-color=#222222  class=\"qbutton  center\" style=\"border-color: #afafaf; margin: 20px 0 0 0; background-color: #afafaf;\">mehr lesen<\/a><\/p>\n<p><\/div><\/td><\/tr><\/table><\/div><\/div>[\/vc_column][vc_column width=&#8220;1\/3&#8243;]<div class=\"q_image_with_text_over \"><div class=\"shader\"><\/div><img decoding=\"async\" src=\"https:\/\/www.alpcamp.eu\/wp-content\/uploads\/2015\/07\/summerkopie.jpg\" alt=\"\" \/><div class=\"text\"><table><tr><td><h3 class=\"caption no_icon\" style=\"\"><\/h3><\/td><\/tr><\/table><table><tr><td><div class=\"desc\"><\/p>\n<h2 style=\"text-align: center; color: #ffffff;\">Sommer<\/h2>\n<h5 style=\"text-align: center; color: #ffffff;\">Sommer Urlaub, ein Fest f\u00fcr Kinder und Eltern!<\/h5>\n<p style=\"text-align: center;\"><a href=\"\/de\/zomer\" target=\"_self\" data-hover-background-color=#222222 data-hover-border-color=#222222  class=\"qbutton  center\" style=\"border-color: #dd9933; margin: 20px 0 0 0; background-color: #dd9933;\">mehr lesen<\/a><\/p>\n<p><\/div><\/td><\/tr><\/table><\/div><\/div>[\/vc_column][\/vc_row]<\/p>\n<\/div>","protected":false},"excerpt":{"rendered":"<p>[vc_row css=&#8220;.vc_custom_1437134894561{padding-top: 100px !important;padding-bottom: 100px !important;}&#8220; row_type=&#8220;row&#8220; use_row_as_full_screen_section=&#8220;no&#8220; type=&#8220;full_width&#8220; angled_section=&#8220;no&#8220; angled_section_position=&#8220;both&#8220; angled_section_direction=&#8220;from_left_to_right&#8220; text_align=&#8220;left&#8220; background_image_as_pattern=&#8220;without_pattern&#8220;][vc_column width=&#8220;1\/1&#8243;][vc_row_inner row_type=&#8220;row&#8220; use_as_box=&#8220;&#8220; type=&#8220;grid&#8220; text_align=&#8220;left&#8220;][vc_column_inner width=&#8220;1\/4&#8243;]&#8230;<\/p>\n","protected":false},"author":2,"featured_media":0,"parent":0,"menu_order":0,"comment_status":"open","ping_status":"open","template":"full_width.php","meta":{"footnotes":""},"class_list":["post-1346","page","type-page","status-publish","hentry"],"yoast_head":"<!-- This site is optimized with the Yoast SEO plugin v27.3 - https:\/\/yoast.com\/product\/yoast-seo-wordpress\/ -->\n<title>Fr\u00fchling - AlpCamp<\/title>\n<meta name=\"robots\" content=\"index, follow, max-snippet:-1, max-image-preview:large, max-video-preview:-1\" \/>\n<link rel=\"canonical\" href=\"https:\/\/www.alpcamp.eu\/de\/lente\/\" \/>\n<meta property=\"og:locale\" content=\"de_DE\" \/>\n<meta property=\"og:type\" content=\"article\" \/>\n<meta property=\"og:title\" content=\"Fr\u00fchling - AlpCamp\" \/>\n<meta property=\"og:description\" content=\"[vc_row css=&#8220;.vc_custom_1437134894561{padding-top: 100px !important;padding-bottom: 100px !important;}&#8220; row_type=&#8220;row&#8220; use_row_as_full_screen_section=&#8220;no&#8220; type=&#8220;full_width&#8220; angled_section=&#8220;no&#8220; angled_section_position=&#8220;both&#8220; angled_section_direction=&#8220;from_left_to_right&#8220; text_align=&#8220;left&#8220; background_image_as_pattern=&#8220;without_pattern&#8220;][vc_column width=&#8220;1\/1&#8243;][vc_row_inner row_type=&#8220;row&#8220; use_as_box=&#8220;&#8220; type=&#8220;grid&#8220; text_align=&#8220;left&#8220;][vc_column_inner width=&#8220;1\/4&#8243;]...\" \/>\n<meta property=\"og:url\" content=\"https:\/\/www.alpcamp.eu\/de\/lente\/\" \/>\n<meta property=\"og:site_name\" content=\"AlpCamp\" \/>\n<meta property=\"article:publisher\" content=\"https:\/\/www.facebook.com\/Alpcamp.eu\/\" \/>\n<meta property=\"article:modified_time\" content=\"2016-03-07T12:19:54+00:00\" \/>\n<meta name=\"twitter:card\" content=\"summary_large_image\" \/>\n<meta name=\"twitter:label1\" content=\"Gesch\u00e4tzte Lesezeit\" \/>\n\t<meta name=\"twitter:data1\" content=\"5\u00a0Minuten\" \/>\n<script type=\"application\/ld+json\" class=\"yoast-schema-graph\">{\"@context\":\"https:\\\/\\\/schema.org\",\"@graph\":[{\"@type\":\"WebPage\",\"@id\":\"https:\\\/\\\/www.alpcamp.eu\\\/de\\\/lente\\\/\",\"url\":\"https:\\\/\\\/www.alpcamp.eu\\\/de\\\/lente\\\/\",\"name\":\"Fr\u00fchling - AlpCamp\",\"isPartOf\":{\"@id\":\"https:\\\/\\\/www.alpcamp.eu\\\/#website\"},\"datePublished\":\"2015-07-17T12:28:40+00:00\",\"dateModified\":\"2016-03-07T12:19:54+00:00\",\"breadcrumb\":{\"@id\":\"https:\\\/\\\/www.alpcamp.eu\\\/de\\\/lente\\\/#breadcrumb\"},\"inLanguage\":\"de\",\"potentialAction\":[{\"@type\":\"ReadAction\",\"target\":[\"https:\\\/\\\/www.alpcamp.eu\\\/de\\\/lente\\\/\"]}]},{\"@type\":\"BreadcrumbList\",\"@id\":\"https:\\\/\\\/www.alpcamp.eu\\\/de\\\/lente\\\/#breadcrumb\",\"itemListElement\":[{\"@type\":\"ListItem\",\"position\":1,\"name\":\"Home\",\"item\":\"https:\\\/\\\/www.alpcamp.eu\\\/de\\\/\"},{\"@type\":\"ListItem\",\"position\":2,\"name\":\"Fr\u00fchling\"}]},{\"@type\":\"WebSite\",\"@id\":\"https:\\\/\\\/www.alpcamp.eu\\\/#website\",\"url\":\"https:\\\/\\\/www.alpcamp.eu\\\/\",\"name\":\"AlpCamp\",\"description\":\"\",\"publisher\":{\"@id\":\"https:\\\/\\\/www.alpcamp.eu\\\/#organization\"},\"potentialAction\":[{\"@type\":\"SearchAction\",\"target\":{\"@type\":\"EntryPoint\",\"urlTemplate\":\"https:\\\/\\\/www.alpcamp.eu\\\/?s={search_term_string}\"},\"query-input\":{\"@type\":\"PropertyValueSpecification\",\"valueRequired\":true,\"valueName\":\"search_term_string\"}}],\"inLanguage\":\"de\"},{\"@type\":\"Organization\",\"@id\":\"https:\\\/\\\/www.alpcamp.eu\\\/#organization\",\"name\":\"12Camp BV\",\"url\":\"https:\\\/\\\/www.alpcamp.eu\\\/\",\"logo\":{\"@type\":\"ImageObject\",\"inLanguage\":\"de\",\"@id\":\"https:\\\/\\\/www.alpcamp.eu\\\/#\\\/schema\\\/logo\\\/image\\\/\",\"url\":\"https:\\\/\\\/www.alpcamp.eu\\\/wp-content\\\/uploads\\\/2015\\\/08\\\/logo-12Campv2.1-01.png\",\"contentUrl\":\"https:\\\/\\\/www.alpcamp.eu\\\/wp-content\\\/uploads\\\/2015\\\/08\\\/logo-12Campv2.1-01.png\",\"width\":953,\"height\":337,\"caption\":\"12Camp BV\"},\"image\":{\"@id\":\"https:\\\/\\\/www.alpcamp.eu\\\/#\\\/schema\\\/logo\\\/image\\\/\"},\"sameAs\":[\"https:\\\/\\\/www.facebook.com\\\/Alpcamp.eu\\\/\"]}]}<\/script>\n<!-- \/ Yoast SEO plugin. -->","yoast_head_json":{"title":"Fr\u00fchling - AlpCamp","robots":{"index":"index","follow":"follow","max-snippet":"max-snippet:-1","max-image-preview":"max-image-preview:large","max-video-preview":"max-video-preview:-1"},"canonical":"https:\/\/www.alpcamp.eu\/de\/lente\/","og_locale":"de_DE","og_type":"article","og_title":"Fr\u00fchling - AlpCamp","og_description":"[vc_row css=&#8220;.vc_custom_1437134894561{padding-top: 100px !important;padding-bottom: 100px !important;}&#8220; row_type=&#8220;row&#8220; use_row_as_full_screen_section=&#8220;no&#8220; type=&#8220;full_width&#8220; angled_section=&#8220;no&#8220; angled_section_position=&#8220;both&#8220; angled_section_direction=&#8220;from_left_to_right&#8220; text_align=&#8220;left&#8220; background_image_as_pattern=&#8220;without_pattern&#8220;][vc_column width=&#8220;1\/1&#8243;][vc_row_inner row_type=&#8220;row&#8220; use_as_box=&#8220;&#8220; type=&#8220;grid&#8220; text_align=&#8220;left&#8220;][vc_column_inner width=&#8220;1\/4&#8243;]...","og_url":"https:\/\/www.alpcamp.eu\/de\/lente\/","og_site_name":"AlpCamp","article_publisher":"https:\/\/www.facebook.com\/Alpcamp.eu\/","article_modified_time":"2016-03-07T12:19:54+00:00","twitter_card":"summary_large_image","twitter_misc":{"Gesch\u00e4tzte Lesezeit":"5\u00a0Minuten"},"schema":{"@context":"https:\/\/schema.org","@graph":[{"@type":"WebPage","@id":"https:\/\/www.alpcamp.eu\/de\/lente\/","url":"https:\/\/www.alpcamp.eu\/de\/lente\/","name":"Fr\u00fchling - AlpCamp","isPartOf":{"@id":"https:\/\/www.alpcamp.eu\/#website"},"datePublished":"2015-07-17T12:28:40+00:00","dateModified":"2016-03-07T12:19:54+00:00","breadcrumb":{"@id":"https:\/\/www.alpcamp.eu\/de\/lente\/#breadcrumb"},"inLanguage":"de","potentialAction":[{"@type":"ReadAction","target":["https:\/\/www.alpcamp.eu\/de\/lente\/"]}]},{"@type":"BreadcrumbList","@id":"https:\/\/www.alpcamp.eu\/de\/lente\/#breadcrumb","itemListElement":[{"@type":"ListItem","position":1,"name":"Home","item":"https:\/\/www.alpcamp.eu\/de\/"},{"@type":"ListItem","position":2,"name":"Fr\u00fchling"}]},{"@type":"WebSite","@id":"https:\/\/www.alpcamp.eu\/#website","url":"https:\/\/www.alpcamp.eu\/","name":"AlpCamp","description":"","publisher":{"@id":"https:\/\/www.alpcamp.eu\/#organization"},"potentialAction":[{"@type":"SearchAction","target":{"@type":"EntryPoint","urlTemplate":"https:\/\/www.alpcamp.eu\/?s={search_term_string}"},"query-input":{"@type":"PropertyValueSpecification","valueRequired":true,"valueName":"search_term_string"}}],"inLanguage":"de"},{"@type":"Organization","@id":"https:\/\/www.alpcamp.eu\/#organization","name":"12Camp BV","url":"https:\/\/www.alpcamp.eu\/","logo":{"@type":"ImageObject","inLanguage":"de","@id":"https:\/\/www.alpcamp.eu\/#\/schema\/logo\/image\/","url":"https:\/\/www.alpcamp.eu\/wp-content\/uploads\/2015\/08\/logo-12Campv2.1-01.png","contentUrl":"https:\/\/www.alpcamp.eu\/wp-content\/uploads\/2015\/08\/logo-12Campv2.1-01.png","width":953,"height":337,"caption":"12Camp BV"},"image":{"@id":"https:\/\/www.alpcamp.eu\/#\/schema\/logo\/image\/"},"sameAs":["https:\/\/www.facebook.com\/Alpcamp.eu\/"]}]}},"_links":{"self":[{"href":"https:\/\/www.alpcamp.eu\/de\/wp-json\/wp\/v2\/pages\/1346","targetHints":{"allow":["GET"]}}],"collection":[{"href":"https:\/\/www.alpcamp.eu\/de\/wp-json\/wp\/v2\/pages"}],"about":[{"href":"https:\/\/www.alpcamp.eu\/de\/wp-json\/wp\/v2\/types\/page"}],"author":[{"embeddable":true,"href":"https:\/\/www.alpcamp.eu\/de\/wp-json\/wp\/v2\/users\/2"}],"replies":[{"embeddable":true,"href":"https:\/\/www.alpcamp.eu\/de\/wp-json\/wp\/v2\/comments?post=1346"}],"version-history":[{"count":6,"href":"https:\/\/www.alpcamp.eu\/de\/wp-json\/wp\/v2\/pages\/1346\/revisions"}],"predecessor-version":[{"id":1845,"href":"https:\/\/www.alpcamp.eu\/de\/wp-json\/wp\/v2\/pages\/1346\/revisions\/1845"}],"wp:attachment":[{"href":"https:\/\/www.alpcamp.eu\/de\/wp-json\/wp\/v2\/media?parent=1346"}],"curies":[{"name":"wp","href":"https:\/\/api.w.org\/{rel}","templated":true}]}}