{"id":1350,"date":"2015-07-20T14:27:42","date_gmt":"2015-07-20T13:27:42","guid":{"rendered":"http:\/\/www.alpcamp.eu\/de\/herfst\/"},"modified":"2016-03-07T13:24:42","modified_gmt":"2016-03-07T12:24:42","slug":"herfst","status":"publish","type":"page","link":"https:\/\/www.alpcamp.eu\/de\/herfst\/","title":{"rendered":"Herbst"},"content":{"rendered":"<div class=\"wpb-content-wrapper\"><p>[vc_row css=&#8220;.vc_custom_1437134894561{padding-top: 100px !important;padding-bottom: 100px !important;}&#8220; row_type=&#8220;row&#8220; use_row_as_full_screen_section=&#8220;no&#8220; type=&#8220;full_width&#8220; angled_section=&#8220;no&#8220; angled_section_position=&#8220;both&#8220; angled_section_direction=&#8220;from_left_to_right&#8220; text_align=&#8220;left&#8220; background_image_as_pattern=&#8220;without_pattern&#8220;][vc_column width=&#8220;1\/1&#8243;][vc_row_inner row_type=&#8220;row&#8220; use_as_box=&#8220;&#8220; type=&#8220;grid&#8220; text_align=&#8220;left&#8220;][vc_column_inner width=&#8220;1\/4&#8243;]<br \/>\n[\/vc_column_inner][vc_column_inner width=&#8220;1\/2&#8243;][vc_column_text]<\/p>\n<p style=\"text-align: center;\"><strong>Gelbbraune- und rote Bl\u00e4tter auf weichgr\u00fcner Moos. Nach einem Regenb\u00f6 bricht die Sonne wieder durch. Die frische Duft von Ozon gibt neue Energie. Jacke an und nach drau\u00dfen gehen f\u00fcr einen gesunden Spaziergang. Im Ruhestand oder im Herbst, Sie m\u00fcssen nicht zu Hause sitzen bleiben. Nichts kann Ihnen schaden, weil Sie in Ihrem Element sind.\u00a0Vielleicht die beste Jahreszeit um nach drau\u00dfen zu gehen!<\/strong><\/p>\n<p style=\"text-align: center;\"><strong>..<\/strong><\/p>\n<p>[\/vc_column_text][\/vc_column_inner][vc_column_inner width=&#8220;1\/4&#8243;]<br \/>\n[\/vc_column_inner][\/vc_row_inner][\/vc_column][\/vc_row][vc_row row_type=&#8220;row&#8220; use_row_as_full_screen_section=&#8220;no&#8220; type=&#8220;full_width&#8220; angled_section=&#8220;no&#8220; angled_section_position=&#8220;both&#8220; angled_section_direction=&#8220;from_left_to_right&#8220; text_align=&#8220;left&#8220; background_image_as_pattern=&#8220;without_pattern&#8220; background_color=&#8220;#ffffff&#8220; padding_top=&#8220;100&#8243; padding_bottom=&#8220;100&#8243;][vc_column width=&#8220;1\/1&#8243;][vc_row_inner row_type=&#8220;row&#8220; use_as_box=&#8220;&#8220; type=&#8220;grid&#8220; text_align=&#8220;left&#8220;][vc_column_inner width=&#8220;1\/2&#8243;][vc_single_image image=&#8220;18&#8243; border_color=&#8220;grey&#8220; img_link_large=&#8220;&#8220; img_link_target=&#8220;_self&#8220; img_size=&#8220;full&#8220; link=&#8220;\/wandelen&#8220;][\/vc_column_inner][vc_column_inner width=&#8220;1\/2&#8243;][vc_column_text]<\/p>\n<h3>Wanderungen<\/h3>\n<p>[vc_separator type=&#8217;small&#8216; position=&#8217;left&#8216; color=&#8220; thickness=&#8220; up=&#8220; down=&#8220;]<\/p>\n<p>Die Alpen bieten hervorragende M\u00f6glichkeiten f\u00fcr sch\u00f6ne Wanderungen. Und daher gibt es keine bessere Saison als im Herbst.[\/vc_column_text][\/vc_column_inner][\/vc_row_inner][\/vc_column][\/vc_row][vc_row row_type=&#8220;row&#8220; use_row_as_full_screen_section=&#8220;no&#8220; type=&#8220;full_width&#8220; angled_section=&#8220;no&#8220; angled_section_position=&#8220;both&#8220; angled_section_direction=&#8220;from_left_to_right&#8220; text_align=&#8220;left&#8220; background_image_as_pattern=&#8220;without_pattern&#8220; padding_top=&#8220;100&#8243; padding_bottom=&#8220;100&#8243;][vc_column width=&#8220;1\/1&#8243;][vc_row_inner row_type=&#8220;row&#8220; use_as_box=&#8220;&#8220; type=&#8220;grid&#8220; text_align=&#8220;left&#8220;][vc_column_inner width=&#8220;1\/2&#8243;][vc_column_text]<\/p>\n<h3>Wellness<\/h3>\n<p>[vc_separator type=&#8217;small&#8216; position=&#8217;left&#8216; color=&#8220; thickness=&#8220; up=&#8220; down=&#8220;]<\/p>\n<p>Dann, wenn es am Abend k\u00fchler wird, ist es Zeit sich selbst herrlich zu verw\u00f6hnen. Sie brauchen dazu nicht in einem 5-Sterne zu fahren, da Sie ein Wellness-Stand im eigenen Element haben.[\/vc_column_text][\/vc_column_inner][vc_column_inner width=&#8220;1\/2&#8243;][vc_single_image image=&#8220;163&#8243; border_color=&#8220;grey&#8220; img_link_large=&#8220;&#8220; img_link_target=&#8220;_self&#8220; img_size=&#8220;full&#8220;][\/vc_column_inner][\/vc_row_inner][\/vc_column][\/vc_row][vc_row row_type=&#8220;row&#8220; use_row_as_full_screen_section=&#8220;no&#8220; type=&#8220;full_width&#8220; angled_section=&#8220;no&#8220; angled_section_position=&#8220;both&#8220; angled_section_direction=&#8220;from_left_to_right&#8220; text_align=&#8220;left&#8220; background_image_as_pattern=&#8220;without_pattern&#8220; background_color=&#8220;#ffffff&#8220; padding_top=&#8220;100&#8243; padding_bottom=&#8220;100&#8243;][vc_column width=&#8220;1\/1&#8243;][vc_row_inner row_type=&#8220;row&#8220; use_as_box=&#8220;&#8220; type=&#8220;grid&#8220; text_align=&#8220;left&#8220;][vc_column_inner width=&#8220;1\/2&#8243;][vc_single_image image=&#8220;459&#8243; border_color=&#8220;grey&#8220; img_link_large=&#8220;&#8220; img_link_target=&#8220;_self&#8220; img_size=&#8220;full&#8220;][\/vc_column_inner][vc_column_inner width=&#8220;1\/2&#8243;][vc_column_text]<\/p>\n<h3>Reiten, eins mit der Natur<\/h3>\n<p>[vc_separator type=&#8217;small&#8216; position=&#8217;left&#8216; color=&#8220; thickness=&#8220; up=&#8220; down=&#8220;]<\/p>\n<p>Bei einem Ausritt durch die bunten T\u00e4ler und W\u00e4lder werden Sie sich Eins mit der Natur f\u00fchlen. Nur das Rauschen der Pferde verr\u00e4t Ihre Anwesenheit in dem stillen Wald. Beim R\u00fcckkehr zu Hause in Ihrem Element, nach dem Duschen, lehnen Sie sich zur\u00fcck in der gem\u00fctlichen Lounge.[\/vc_column_text][\/vc_column_inner][\/vc_row_inner][\/vc_column][\/vc_row][vc_row row_type=&#8220;row&#8220; use_row_as_full_screen_section=&#8220;no&#8220; type=&#8220;grid&#8220; angled_section=&#8220;no&#8220; angled_section_position=&#8220;both&#8220; angled_section_direction=&#8220;from_left_to_right&#8220; text_align=&#8220;left&#8220; background_image_as_pattern=&#8220;without_pattern&#8220; padding_top=&#8220;100&#8243;][vc_column width=&#8220;1\/1&#8243;][vc_column_text]<\/p>\n<h3 style=\"text-align: center;\">Andere Jahreszeiten<\/h3>\n<p>[vc_separator type=&#8217;small&#8216; position=&#8217;center&#8216; color=&#8220; thickness=&#8220; up=&#8220; down=&#8220;][\/vc_column_text][\/vc_column][\/vc_row][vc_row row_type=&#8220;row&#8220; use_row_as_full_screen_section=&#8220;no&#8220; type=&#8220;grid&#8220; angled_section=&#8220;no&#8220; angled_section_position=&#8220;both&#8220; angled_section_direction=&#8220;from_left_to_right&#8220; text_align=&#8220;left&#8220; background_image_as_pattern=&#8220;without_pattern&#8220; padding_bottom=&#8220;100&#8243;][vc_column width=&#8220;1\/3&#8243;]<div class=\"q_image_with_text_over \"><div class=\"shader\"><\/div><img decoding=\"async\" src=\"https:\/\/www.alpcamp.eu\/wp-content\/uploads\/2015\/07\/winterkopie.jpg\" alt=\"\" \/><div class=\"text\"><table><tr><td><h3 class=\"caption no_icon\" style=\"\"><\/h3><\/td><\/tr><\/table><table><tr><td><div class=\"desc\"><\/p>\n<h2 style=\"text-align: center; color: #ffffff;\">Winter<\/h2>\n<h5 style=\"text-align: center; color: #ffffff;\">Glamping im Winter, Erlebt es zusammen<\/h5>\n<p style=\"text-align: center;\"><a href=\"\/de\/winter\" target=\"_self\" data-hover-background-color=#222222 data-hover-border-color=#222222  class=\"qbutton  center\" style=\"border-color: #afafaf; margin: 20px 0 0 0; background-color: #afafaf;\">mehr lesen<\/a><\/p>\n<p><\/div><\/td><\/tr><\/table><\/div><\/div>[\/vc_column][vc_column width=&#8220;1\/3&#8243;]<div class=\"q_image_with_text_over \"><div class=\"shader\"><\/div><img decoding=\"async\" src=\"https:\/\/www.alpcamp.eu\/wp-content\/uploads\/2015\/07\/summerkopie.jpg\" alt=\"\" \/><div class=\"text\"><table><tr><td><h3 class=\"caption no_icon\" style=\"\"><\/h3><\/td><\/tr><\/table><table><tr><td><div class=\"desc\"><\/p>\n<h2 style=\"text-align: center; color: #ffffff;\">Sommer<\/h2>\n<h5 style=\"text-align: center; color: #ffffff;\">Sommer Urlaub, ein Fest f\u00fcr Kinder und Eltern!<\/h5>\n<p style=\"text-align: center;\"><a href=\"\/de\/zomer\" target=\"_self\" data-hover-background-color=#222222 data-hover-border-color=#222222  class=\"qbutton  center\" style=\"border-color: #dd9933; margin: 20px 0 0 0; background-color: #dd9933;\">mehr lesen<\/a><\/p>\n<p><\/div><\/td><\/tr><\/table><\/div><\/div>[\/vc_column][vc_column width=&#8220;1\/3&#8243;]<div class=\"q_image_with_text_over \"><div class=\"shader\"><\/div><img decoding=\"async\" src=\"https:\/\/www.alpcamp.eu\/wp-content\/uploads\/2015\/07\/springkopie.jpg\" alt=\"\" \/><div class=\"text\"><table><tr><td><h3 class=\"caption no_icon\" style=\"\"><\/h3><\/td><\/tr><\/table><table><tr><td><div class=\"desc\"><\/p>\n<h2 style=\"text-align: center; color: #ffffff;\">Fr\u00fchling<\/h2>\n<h5 style=\"text-align: center; color: #ffffff;\">Genie\u00dfe der aufbl\u00fchende Natur aus einem ger\u00e4umigen Zuhause!<\/h5>\n<p style=\"text-align: center;\"><a href=\"\/de\/lente\" target=\"_self\" data-hover-background-color=#222222 data-hover-border-color=#222222  class=\"qbutton \" style=\"border-color: #81c2e2; margin: 20px 0 0 0; background-color: #81c2e2;\">mehr lesen<\/a><\/p>\n<p><\/div><\/td><\/tr><\/table><\/div><\/div>[\/vc_column][\/vc_row]<\/p>\n<\/div>","protected":false},"excerpt":{"rendered":"<p>[vc_row css=&#8220;.vc_custom_1437134894561{padding-top: 100px !important;padding-bottom: 100px !important;}&#8220; row_type=&#8220;row&#8220; use_row_as_full_screen_section=&#8220;no&#8220; type=&#8220;full_width&#8220; angled_section=&#8220;no&#8220; angled_section_position=&#8220;both&#8220; angled_section_direction=&#8220;from_left_to_right&#8220; text_align=&#8220;left&#8220; background_image_as_pattern=&#8220;without_pattern&#8220;][vc_column width=&#8220;1\/1&#8243;][vc_row_inner row_type=&#8220;row&#8220; use_as_box=&#8220;&#8220; type=&#8220;grid&#8220; text_align=&#8220;left&#8220;][vc_column_inner width=&#8220;1\/4&#8243;]&#8230;<\/p>\n","protected":false},"author":2,"featured_media":0,"parent":0,"menu_order":0,"comment_status":"open","ping_status":"open","template":"full_width.php","meta":{"footnotes":""},"class_list":["post-1350","page","type-page","status-publish","hentry"],"yoast_head":"<!-- This site is optimized with the Yoast SEO plugin v27.3 - https:\/\/yoast.com\/product\/yoast-seo-wordpress\/ -->\n<title>Herbst - AlpCamp<\/title>\n<meta name=\"robots\" content=\"index, follow, max-snippet:-1, max-image-preview:large, max-video-preview:-1\" \/>\n<link rel=\"canonical\" href=\"https:\/\/www.alpcamp.eu\/de\/herfst\/\" \/>\n<meta property=\"og:locale\" content=\"de_DE\" \/>\n<meta property=\"og:type\" content=\"article\" \/>\n<meta property=\"og:title\" content=\"Herbst - AlpCamp\" \/>\n<meta property=\"og:description\" content=\"[vc_row css=&#8220;.vc_custom_1437134894561{padding-top: 100px !important;padding-bottom: 100px !important;}&#8220; row_type=&#8220;row&#8220; use_row_as_full_screen_section=&#8220;no&#8220; type=&#8220;full_width&#8220; angled_section=&#8220;no&#8220; angled_section_position=&#8220;both&#8220; angled_section_direction=&#8220;from_left_to_right&#8220; text_align=&#8220;left&#8220; background_image_as_pattern=&#8220;without_pattern&#8220;][vc_column width=&#8220;1\/1&#8243;][vc_row_inner row_type=&#8220;row&#8220; use_as_box=&#8220;&#8220; type=&#8220;grid&#8220; text_align=&#8220;left&#8220;][vc_column_inner width=&#8220;1\/4&#8243;]...\" \/>\n<meta property=\"og:url\" content=\"https:\/\/www.alpcamp.eu\/de\/herfst\/\" \/>\n<meta property=\"og:site_name\" content=\"AlpCamp\" \/>\n<meta property=\"article:publisher\" content=\"https:\/\/www.facebook.com\/Alpcamp.eu\/\" \/>\n<meta property=\"article:modified_time\" content=\"2016-03-07T12:24:42+00:00\" \/>\n<meta name=\"twitter:card\" content=\"summary_large_image\" \/>\n<meta name=\"twitter:label1\" content=\"Gesch\u00e4tzte Lesezeit\" \/>\n\t<meta name=\"twitter:data1\" content=\"5\u00a0Minuten\" \/>\n<script type=\"application\/ld+json\" class=\"yoast-schema-graph\">{\"@context\":\"https:\\\/\\\/schema.org\",\"@graph\":[{\"@type\":\"WebPage\",\"@id\":\"https:\\\/\\\/www.alpcamp.eu\\\/de\\\/herfst\\\/\",\"url\":\"https:\\\/\\\/www.alpcamp.eu\\\/de\\\/herfst\\\/\",\"name\":\"Herbst - AlpCamp\",\"isPartOf\":{\"@id\":\"https:\\\/\\\/www.alpcamp.eu\\\/#website\"},\"datePublished\":\"2015-07-20T13:27:42+00:00\",\"dateModified\":\"2016-03-07T12:24:42+00:00\",\"breadcrumb\":{\"@id\":\"https:\\\/\\\/www.alpcamp.eu\\\/de\\\/herfst\\\/#breadcrumb\"},\"inLanguage\":\"de\",\"potentialAction\":[{\"@type\":\"ReadAction\",\"target\":[\"https:\\\/\\\/www.alpcamp.eu\\\/de\\\/herfst\\\/\"]}]},{\"@type\":\"BreadcrumbList\",\"@id\":\"https:\\\/\\\/www.alpcamp.eu\\\/de\\\/herfst\\\/#breadcrumb\",\"itemListElement\":[{\"@type\":\"ListItem\",\"position\":1,\"name\":\"Home\",\"item\":\"https:\\\/\\\/www.alpcamp.eu\\\/de\\\/\"},{\"@type\":\"ListItem\",\"position\":2,\"name\":\"Herbst\"}]},{\"@type\":\"WebSite\",\"@id\":\"https:\\\/\\\/www.alpcamp.eu\\\/#website\",\"url\":\"https:\\\/\\\/www.alpcamp.eu\\\/\",\"name\":\"AlpCamp\",\"description\":\"\",\"publisher\":{\"@id\":\"https:\\\/\\\/www.alpcamp.eu\\\/#organization\"},\"potentialAction\":[{\"@type\":\"SearchAction\",\"target\":{\"@type\":\"EntryPoint\",\"urlTemplate\":\"https:\\\/\\\/www.alpcamp.eu\\\/?s={search_term_string}\"},\"query-input\":{\"@type\":\"PropertyValueSpecification\",\"valueRequired\":true,\"valueName\":\"search_term_string\"}}],\"inLanguage\":\"de\"},{\"@type\":\"Organization\",\"@id\":\"https:\\\/\\\/www.alpcamp.eu\\\/#organization\",\"name\":\"12Camp BV\",\"url\":\"https:\\\/\\\/www.alpcamp.eu\\\/\",\"logo\":{\"@type\":\"ImageObject\",\"inLanguage\":\"de\",\"@id\":\"https:\\\/\\\/www.alpcamp.eu\\\/#\\\/schema\\\/logo\\\/image\\\/\",\"url\":\"https:\\\/\\\/www.alpcamp.eu\\\/wp-content\\\/uploads\\\/2015\\\/08\\\/logo-12Campv2.1-01.png\",\"contentUrl\":\"https:\\\/\\\/www.alpcamp.eu\\\/wp-content\\\/uploads\\\/2015\\\/08\\\/logo-12Campv2.1-01.png\",\"width\":953,\"height\":337,\"caption\":\"12Camp BV\"},\"image\":{\"@id\":\"https:\\\/\\\/www.alpcamp.eu\\\/#\\\/schema\\\/logo\\\/image\\\/\"},\"sameAs\":[\"https:\\\/\\\/www.facebook.com\\\/Alpcamp.eu\\\/\"]}]}<\/script>\n<!-- \/ Yoast SEO plugin. -->","yoast_head_json":{"title":"Herbst - AlpCamp","robots":{"index":"index","follow":"follow","max-snippet":"max-snippet:-1","max-image-preview":"max-image-preview:large","max-video-preview":"max-video-preview:-1"},"canonical":"https:\/\/www.alpcamp.eu\/de\/herfst\/","og_locale":"de_DE","og_type":"article","og_title":"Herbst - AlpCamp","og_description":"[vc_row css=&#8220;.vc_custom_1437134894561{padding-top: 100px !important;padding-bottom: 100px !important;}&#8220; row_type=&#8220;row&#8220; use_row_as_full_screen_section=&#8220;no&#8220; type=&#8220;full_width&#8220; angled_section=&#8220;no&#8220; angled_section_position=&#8220;both&#8220; angled_section_direction=&#8220;from_left_to_right&#8220; text_align=&#8220;left&#8220; background_image_as_pattern=&#8220;without_pattern&#8220;][vc_column width=&#8220;1\/1&#8243;][vc_row_inner row_type=&#8220;row&#8220; use_as_box=&#8220;&#8220; type=&#8220;grid&#8220; text_align=&#8220;left&#8220;][vc_column_inner width=&#8220;1\/4&#8243;]...","og_url":"https:\/\/www.alpcamp.eu\/de\/herfst\/","og_site_name":"AlpCamp","article_publisher":"https:\/\/www.facebook.com\/Alpcamp.eu\/","article_modified_time":"2016-03-07T12:24:42+00:00","twitter_card":"summary_large_image","twitter_misc":{"Gesch\u00e4tzte Lesezeit":"5\u00a0Minuten"},"schema":{"@context":"https:\/\/schema.org","@graph":[{"@type":"WebPage","@id":"https:\/\/www.alpcamp.eu\/de\/herfst\/","url":"https:\/\/www.alpcamp.eu\/de\/herfst\/","name":"Herbst - AlpCamp","isPartOf":{"@id":"https:\/\/www.alpcamp.eu\/#website"},"datePublished":"2015-07-20T13:27:42+00:00","dateModified":"2016-03-07T12:24:42+00:00","breadcrumb":{"@id":"https:\/\/www.alpcamp.eu\/de\/herfst\/#breadcrumb"},"inLanguage":"de","potentialAction":[{"@type":"ReadAction","target":["https:\/\/www.alpcamp.eu\/de\/herfst\/"]}]},{"@type":"BreadcrumbList","@id":"https:\/\/www.alpcamp.eu\/de\/herfst\/#breadcrumb","itemListElement":[{"@type":"ListItem","position":1,"name":"Home","item":"https:\/\/www.alpcamp.eu\/de\/"},{"@type":"ListItem","position":2,"name":"Herbst"}]},{"@type":"WebSite","@id":"https:\/\/www.alpcamp.eu\/#website","url":"https:\/\/www.alpcamp.eu\/","name":"AlpCamp","description":"","publisher":{"@id":"https:\/\/www.alpcamp.eu\/#organization"},"potentialAction":[{"@type":"SearchAction","target":{"@type":"EntryPoint","urlTemplate":"https:\/\/www.alpcamp.eu\/?s={search_term_string}"},"query-input":{"@type":"PropertyValueSpecification","valueRequired":true,"valueName":"search_term_string"}}],"inLanguage":"de"},{"@type":"Organization","@id":"https:\/\/www.alpcamp.eu\/#organization","name":"12Camp BV","url":"https:\/\/www.alpcamp.eu\/","logo":{"@type":"ImageObject","inLanguage":"de","@id":"https:\/\/www.alpcamp.eu\/#\/schema\/logo\/image\/","url":"https:\/\/www.alpcamp.eu\/wp-content\/uploads\/2015\/08\/logo-12Campv2.1-01.png","contentUrl":"https:\/\/www.alpcamp.eu\/wp-content\/uploads\/2015\/08\/logo-12Campv2.1-01.png","width":953,"height":337,"caption":"12Camp BV"},"image":{"@id":"https:\/\/www.alpcamp.eu\/#\/schema\/logo\/image\/"},"sameAs":["https:\/\/www.facebook.com\/Alpcamp.eu\/"]}]}},"_links":{"self":[{"href":"https:\/\/www.alpcamp.eu\/de\/wp-json\/wp\/v2\/pages\/1350","targetHints":{"allow":["GET"]}}],"collection":[{"href":"https:\/\/www.alpcamp.eu\/de\/wp-json\/wp\/v2\/pages"}],"about":[{"href":"https:\/\/www.alpcamp.eu\/de\/wp-json\/wp\/v2\/types\/page"}],"author":[{"embeddable":true,"href":"https:\/\/www.alpcamp.eu\/de\/wp-json\/wp\/v2\/users\/2"}],"replies":[{"embeddable":true,"href":"https:\/\/www.alpcamp.eu\/de\/wp-json\/wp\/v2\/comments?post=1350"}],"version-history":[{"count":5,"href":"https:\/\/www.alpcamp.eu\/de\/wp-json\/wp\/v2\/pages\/1350\/revisions"}],"predecessor-version":[{"id":1846,"href":"https:\/\/www.alpcamp.eu\/de\/wp-json\/wp\/v2\/pages\/1350\/revisions\/1846"}],"wp:attachment":[{"href":"https:\/\/www.alpcamp.eu\/de\/wp-json\/wp\/v2\/media?parent=1350"}],"curies":[{"name":"wp","href":"https:\/\/api.w.org\/{rel}","templated":true}]}}