{"id":980,"date":"2016-02-06T16:15:06","date_gmt":"2016-02-06T15:15:06","guid":{"rendered":"http:\/\/www.alpcamp.eu\/de\/?page_id=980"},"modified":"2016-02-06T21:21:30","modified_gmt":"2016-02-06T20:21:30","slug":"akkommodation","status":"publish","type":"page","link":"https:\/\/www.alpcamp.eu\/de\/akkommodation\/","title":{"rendered":"Akkommodation"},"content":{"rendered":"<div class=\"wpb-content-wrapper\"><p>[vc_row css=&#8220;.vc_custom_1431514496357{padding-top: 100px !important;padding-bottom: 100px !important;}&#8220; row_type=&#8220;row&#8220; use_row_as_full_screen_section=&#8220;no&#8220; type=&#8220;full_width&#8220; angled_section=&#8220;no&#8220; angled_section_position=&#8220;both&#8220; angled_section_direction=&#8220;from_left_to_right&#8220; text_align=&#8220;left&#8220; background_image_as_pattern=&#8220;without_pattern&#8220;][vc_column width=&#8220;1\/1&#8243;][vc_row_inner row_type=&#8220;row&#8220; use_as_box=&#8220;&#8220; type=&#8220;grid&#8220; text_align=&#8220;left&#8220;][vc_column_inner width=&#8220;1\/1&#8243;][vc_column_text]<\/p>\n<h2>De Element<\/h2>\n<p>[vc_separator type=&#8217;small&#8216; position=&#8217;left&#8216; color=&#8220; thickness=&#8220; up=&#8220; down=&#8220;]<\/p>\n<p>Das AlpCamp Konzept wird angeregt von der Lehre der F\u00fcnf Elemente. Diese Lehre hat als Ausgangspunkt das alles in Bewegung ist und einander beeinflusst. Das sieht man im Rhythmus von Tag und Nacht, an den Jahreszeiten und am Funktionieren der Menschen. Nach dem traditionell chinesischen Denken gibt es f\u00fcnf Jahreszeiten. Die f\u00fcnfte Jahreszeit ist die die wir den Sp\u00e4tsommer. Jede Jahreszeit ist verbunden mit einem Element. Da unser innovierter Unterkunft eine starke Verbundenheit hat mit der Natur, sich eignet f\u00fcr alle Jahreszeiten und selber auch aufgebaut ist aus verschiedenen Elementen, lag die Wahl f\u00fcr den Namen \u2018Element\u2018 auf der Hand. Infolge dieser Ausgangspunkte werden unsere K\u00e4ufer und G\u00e4ste sich jederzeit \u2018In Ihrem Element\u2018 f\u00fchlen.<\/p>\n<p>![\/vc_column_text][\/vc_column_inner][\/vc_row_inner][\/vc_column][\/vc_row][vc_row row_type=&#8220;row&#8220; use_row_as_full_screen_section=&#8220;no&#8220; type=&#8220;full_width&#8220; angled_section=&#8220;no&#8220; angled_section_position=&#8220;both&#8220; angled_section_direction=&#8220;from_left_to_right&#8220; text_align=&#8220;left&#8220; background_image_as_pattern=&#8220;without_pattern&#8220;][vc_column width=&#8220;1\/1&#8243;][vc_row_inner row_type=&#8220;row&#8220; use_as_box=&#8220;&#8220; type=&#8220;grid&#8220; text_align=&#8220;left&#8220; css=&#8220;.vc_custom_1431691258636{padding-top: 100px !important;padding-bottom: 100px !important;background-color: #f0f0f0 !important;}&#8220;][vc_column_inner width=&#8220;1\/2&#8243;][vc_column_text]<\/p>\n<h6>Holz, das Element des Fr\u00fchlings, die Natur erwacht und die Energie ist ausw\u00e4rts gerichtet.<\/h6>\n<p>Holz wird in dem Element gebraucht f\u00fcr den Boden, die M\u00f6blierung und f\u00fcr mehrere andere Abbaubestandteile.[\/vc_column_text][\/vc_column_inner][vc_column_inner width=&#8220;1\/2&#8243;][vc_single_image image=&#8220;167&#8243; border_color=&#8220;grey&#8220; img_link_large=&#8220;&#8220; img_link_target=&#8220;_self&#8220; img_size=&#8220;full&#8220;][\/vc_column_inner][\/vc_row_inner][vc_row_inner row_type=&#8220;row&#8220; use_as_box=&#8220;&#8220; type=&#8220;grid&#8220; text_align=&#8220;left&#8220; css=&#8220;.vc_custom_1431691267310{padding-top: 100px !important;padding-bottom: 100px !important;}&#8220;][vc_column_inner width=&#8220;1\/2&#8243;][vc_single_image image=&#8220;166&#8243; border_color=&#8220;grey&#8220; img_link_large=&#8220;&#8220; img_link_target=&#8220;_self&#8220; img_size=&#8220;full&#8220;][\/vc_column_inner][vc_column_inner width=&#8220;1\/2&#8243;][vc_column_text]<\/p>\n<h6>Feuer, das Element das steht f\u00fcr den Sommer, die Natur steht in voller Wachstum\u00a0und sie strahlt eine explosive Energie aus.<\/h6>\n<p>Das Element Feuer findet man zur\u00fcck in den Gasherd, in der Infrarot Sauna, in der behaglichen W\u00e4rme, in den Heizk\u00f6rpern und in dem Kombi Ofen..[\/vc_column_text][\/vc_column_inner][\/vc_row_inner][vc_row_inner row_type=&#8220;row&#8220; use_as_box=&#8220;&#8220; type=&#8220;grid&#8220; text_align=&#8220;left&#8220; css=&#8220;.vc_custom_1431691276637{padding-top: 100px !important;padding-bottom: 100px !important;background-color: #f0f0f0 !important;}&#8220;][vc_column_inner width=&#8220;1\/2&#8243;][vc_column_text]<\/p>\n<h6>Erde, das Element das verbunden ist mit dem Sp\u00e4tsommer.\u00a0Es ist Erntezeit, die Natur erlebt eine letzte Bl\u00fctezeit, aber bereitet sich auch vor auf die Selbstbestimmung von dem Herbst`.<\/h6>\n<p>Das Element Erde finden wir \u00a0zur\u00fcck\u00a0in useren Steindekor Ausf\u00fchrung \u00a0und mit ein bischen Fantasie in der gebrauchten Wand und Boden Isoliering.[\/vc_column_text][\/vc_column_inner][vc_column_inner width=&#8220;1\/2&#8243;][vc_single_image image=&#8220;165&#8243; border_color=&#8220;grey&#8220; img_link_large=&#8220;&#8220; img_link_target=&#8220;_self&#8220; img_size=&#8220;full&#8220;][\/vc_column_inner][\/vc_row_inner][vc_column_text]<\/p>\n<h6><em>Metall,<\/em>\u00a0das Element das steht f\u00fcr den Herbst. Die Natur kehrt sich inw\u00e4rts und die\u00a0Energie ist nach innen gerichtet.<\/h6>\n<p>Das Element Metall manifestiert sich in einem starken Fahrgestell, schicken H\u00e4hnen, Alust\u00fctzen, Lampen und in der K\u00fcchenapparatur.[\/vc_column_text][vc_row_inner row_type=&#8220;row&#8220; use_as_box=&#8220;&#8220; type=&#8220;grid&#8220; text_align=&#8220;left&#8220; padding_top=&#8220;100&#8243; padding_bottom=&#8220;100&#8243;][vc_column_inner width=&#8220;1\/2&#8243;][vc_single_image image=&#8220;458&#8243; border_color=&#8220;grey&#8220; img_link_large=&#8220;&#8220; img_link_target=&#8220;_self&#8220; img_size=&#8220;full&#8220;][\/vc_column_inner][vc_column_inner width=&#8220;1\/2&#8243;][vc_column_text]<\/p>\n<h6><em>Metall,<\/em>\u00a0das Element das steht f\u00fcr den Herbst. Die Natur kehrt sich inw\u00e4rts und die\u00a0Energie ist nach innen gerichtet.<\/h6>\n<p>Das Element Metall manifestiert sich in einem starken Fahrgestell, schicken H\u00e4hnen, Alust\u00fctzen, Lampen und in der K\u00fcchenapparatur.[\/vc_column_text][\/vc_column_inner][\/vc_row_inner][\/vc_column][\/vc_row][vc_row row_type=&#8220;row&#8220; use_row_as_full_screen_section=&#8220;no&#8220; type=&#8220;grid&#8220; angled_section=&#8220;no&#8220; angled_section_position=&#8220;both&#8220; angled_section_direction=&#8220;from_left_to_right&#8220; text_align=&#8220;left&#8220; background_image_as_pattern=&#8220;without_pattern&#8220; background_color=&#8220;#f0f0f0&#8243; padding_top=&#8220;100&#8243; padding_bottom=&#8220;100&#8243; background_image=&#8220;729&#8243;][vc_column width=&#8220;1\/2&#8243;][vc_column_text]<\/p>\n<h6><em>Wasser,<\/em>\u00a0das Element das zu dem Winter geh\u00f6rt. Die Natur ist in Ruhe und enth\u00e4lt eine konzentrierte Energie.<\/h6>\n<p>Wasser str\u00f6mt durch die warmen Heizk\u00f6rper, aus dem K\u00fcchenhahn, durch den Plug &amp; Play Wasserablauf und aus der angenehmen Dusche.[\/vc_column_text][\/vc_column][\/vc_row][vc_row row_type=&#8220;row&#8220; use_row_as_full_screen_section=&#8220;no&#8220; type=&#8220;grid&#8220; angled_section=&#8220;no&#8220; angled_section_position=&#8220;both&#8220; angled_section_direction=&#8220;from_left_to_right&#8220; text_align=&#8220;left&#8220; background_image_as_pattern=&#8220;without_pattern&#8220; background_color=&#8220;#f0f0f0&#8243; padding_top=&#8220;100&#8243; padding_bottom=&#8220;100&#8243;][vc_column width=&#8220;1\/2&#8243;][vc_column_text]<\/p>\n<h3>Konstruktion<\/h3>\n<p>Die Basis von dem Element ist ein \u00fcberstarker Fahrgestell aus Edelstahl mit zwei Achsen und gro\u00dfe R\u00e4der. Dar\u00fcber sind feste B\u00f6den aus Sandwichplatten montiert die auf ingeni\u00f6se Weise aneinander und an dem Fahrgestell befestigt sind. W\u00e4hrend der Herstellung werden der Z\u00e4hlerschrank mit allen technischen Anschl\u00fcsse f\u00fcr Strom, Gas, Wasser und Ablauf, sowie die Na\u03b2 Zelle und die K\u00fcche vormontiert. An Ort und Stelle wird das Element waagerecht gestellt und gesichert. Die profilierte St\u00fctzen und der starken Alurahmen werden auf dem Fahrgestell montiert und die High Tech Membran wird angespannt. Dann wird das Isolierungsmaterial angebracht und die M\u00f6blierung aufgestellt.\u00a0Dies alles k\u00f6nnen wir mit unserem Spezialisten Team innerhalb von 24 Stunden realisieren.[\/vc_column_text][\/vc_column][vc_column width=&#8220;1\/2&#8243;][vc_column_text]<\/p>\n<h3>Einteilung en Interieur<\/h3>\n<p>Das Element bietet 60 M\u00b2 Lebensraum. Das ist einmalig in der Welt vom Glamping. Sie haben nicht das Schlauchgef\u00fchl von einem Mobil Home oder einem Wohnwagen. Indessen w\u00e4hnen Sie sich in einem Chalet das versehen ist von allem Luxus und Komfort.[\/vc_column_text][vc_single_image image=&#8220;140&#8243; border_color=&#8220;grey&#8220; img_link_large=&#8220;&#8220; img_link_target=&#8220;_self&#8220; img_size=&#8220;full&#8220;][\/vc_column][\/vc_row][vc_row css=&#8220;.vc_custom_1436361149953{padding-top: 100px !important;padding-bottom: 100px !important;}&#8220; row_type=&#8220;parallax&#8220; use_row_as_full_screen_section=&#8220;no&#8220; type=&#8220;full_width&#8220; angled_section=&#8220;no&#8220; angled_section_position=&#8220;both&#8220; angled_section_direction=&#8220;from_left_to_right&#8220; text_align=&#8220;left&#8220; background_image_as_pattern=&#8220;without_pattern&#8220; background_image=&#8220;96&#8243;][vc_column width=&#8220;1\/1&#8243;][vc_row_inner row_type=&#8220;row&#8220; use_as_box=&#8220;&#8220; type=&#8220;grid&#8220; text_align=&#8220;left&#8220; padding_top=&#8220;100&#8243; padding_bottom=&#8220;45&#8243;][vc_column_inner width=&#8220;1\/1&#8243;][vc_gallery type=&#8220;flexslider_fade&#8220; interval=&#8220;3&#8243; images=&#8220;77,78,79,80,81&#8243; onclick=&#8220;link_image&#8220; custom_links_target=&#8220;_self&#8220; column_number=&#8220;2&#8243; grayscale=&#8220;no&#8220; choose_frame=&#8220;default&#8220; img_size=&#8220;full&#8220;][\/vc_column_inner][\/vc_row_inner][\/vc_column][\/vc_row]<\/p>\n<\/div>","protected":false},"excerpt":{"rendered":"<p>[vc_row css=&#8220;.vc_custom_1431514496357{padding-top: 100px !important;padding-bottom: 100px !important;}&#8220; row_type=&#8220;row&#8220; use_row_as_full_screen_section=&#8220;no&#8220; type=&#8220;full_width&#8220; angled_section=&#8220;no&#8220; angled_section_position=&#8220;both&#8220; angled_section_direction=&#8220;from_left_to_right&#8220; text_align=&#8220;left&#8220; background_image_as_pattern=&#8220;without_pattern&#8220;][vc_column width=&#8220;1\/1&#8243;][vc_row_inner row_type=&#8220;row&#8220; use_as_box=&#8220;&#8220; type=&#8220;grid&#8220; text_align=&#8220;left&#8220;][vc_column_inner width=&#8220;1\/1&#8243;][vc_column_text]&#8230;<\/p>\n","protected":false},"author":2,"featured_media":0,"parent":0,"menu_order":0,"comment_status":"open","ping_status":"open","template":"full_width.php","meta":{"footnotes":""},"class_list":["post-980","page","type-page","status-publish","hentry"],"yoast_head":"<!-- This site is optimized with the Yoast SEO plugin v27.3 - https:\/\/yoast.com\/product\/yoast-seo-wordpress\/ -->\n<title>Akkommodation - AlpCamp<\/title>\n<meta name=\"robots\" content=\"index, follow, max-snippet:-1, max-image-preview:large, max-video-preview:-1\" \/>\n<link rel=\"canonical\" href=\"https:\/\/www.alpcamp.eu\/de\/akkommodation\/\" \/>\n<meta property=\"og:locale\" content=\"de_DE\" \/>\n<meta property=\"og:type\" content=\"article\" \/>\n<meta property=\"og:title\" content=\"Akkommodation - AlpCamp\" \/>\n<meta property=\"og:description\" content=\"[vc_row css=&#8220;.vc_custom_1431514496357{padding-top: 100px !important;padding-bottom: 100px !important;}&#8220; row_type=&#8220;row&#8220; use_row_as_full_screen_section=&#8220;no&#8220; type=&#8220;full_width&#8220; angled_section=&#8220;no&#8220; angled_section_position=&#8220;both&#8220; angled_section_direction=&#8220;from_left_to_right&#8220; text_align=&#8220;left&#8220; background_image_as_pattern=&#8220;without_pattern&#8220;][vc_column width=&#8220;1\/1&#8243;][vc_row_inner row_type=&#8220;row&#8220; use_as_box=&#8220;&#8220; type=&#8220;grid&#8220; text_align=&#8220;left&#8220;][vc_column_inner width=&#8220;1\/1&#8243;][vc_column_text]...\" \/>\n<meta property=\"og:url\" content=\"https:\/\/www.alpcamp.eu\/de\/akkommodation\/\" \/>\n<meta property=\"og:site_name\" content=\"AlpCamp\" \/>\n<meta property=\"article:publisher\" content=\"https:\/\/www.facebook.com\/Alpcamp.eu\/\" \/>\n<meta property=\"article:modified_time\" content=\"2016-02-06T20:21:30+00:00\" \/>\n<meta name=\"twitter:card\" content=\"summary_large_image\" \/>\n<meta name=\"twitter:label1\" content=\"Gesch\u00e4tzte Lesezeit\" \/>\n\t<meta name=\"twitter:data1\" content=\"6\u00a0Minuten\" \/>\n<script type=\"application\/ld+json\" class=\"yoast-schema-graph\">{\"@context\":\"https:\\\/\\\/schema.org\",\"@graph\":[{\"@type\":\"WebPage\",\"@id\":\"https:\\\/\\\/www.alpcamp.eu\\\/de\\\/akkommodation\\\/\",\"url\":\"https:\\\/\\\/www.alpcamp.eu\\\/de\\\/akkommodation\\\/\",\"name\":\"Akkommodation - AlpCamp\",\"isPartOf\":{\"@id\":\"https:\\\/\\\/www.alpcamp.eu\\\/#website\"},\"datePublished\":\"2016-02-06T15:15:06+00:00\",\"dateModified\":\"2016-02-06T20:21:30+00:00\",\"breadcrumb\":{\"@id\":\"https:\\\/\\\/www.alpcamp.eu\\\/de\\\/akkommodation\\\/#breadcrumb\"},\"inLanguage\":\"de\",\"potentialAction\":[{\"@type\":\"ReadAction\",\"target\":[\"https:\\\/\\\/www.alpcamp.eu\\\/de\\\/akkommodation\\\/\"]}]},{\"@type\":\"BreadcrumbList\",\"@id\":\"https:\\\/\\\/www.alpcamp.eu\\\/de\\\/akkommodation\\\/#breadcrumb\",\"itemListElement\":[{\"@type\":\"ListItem\",\"position\":1,\"name\":\"Home\",\"item\":\"https:\\\/\\\/www.alpcamp.eu\\\/de\\\/\"},{\"@type\":\"ListItem\",\"position\":2,\"name\":\"Akkommodation\"}]},{\"@type\":\"WebSite\",\"@id\":\"https:\\\/\\\/www.alpcamp.eu\\\/#website\",\"url\":\"https:\\\/\\\/www.alpcamp.eu\\\/\",\"name\":\"AlpCamp\",\"description\":\"\",\"publisher\":{\"@id\":\"https:\\\/\\\/www.alpcamp.eu\\\/#organization\"},\"potentialAction\":[{\"@type\":\"SearchAction\",\"target\":{\"@type\":\"EntryPoint\",\"urlTemplate\":\"https:\\\/\\\/www.alpcamp.eu\\\/?s={search_term_string}\"},\"query-input\":{\"@type\":\"PropertyValueSpecification\",\"valueRequired\":true,\"valueName\":\"search_term_string\"}}],\"inLanguage\":\"de\"},{\"@type\":\"Organization\",\"@id\":\"https:\\\/\\\/www.alpcamp.eu\\\/#organization\",\"name\":\"12Camp BV\",\"url\":\"https:\\\/\\\/www.alpcamp.eu\\\/\",\"logo\":{\"@type\":\"ImageObject\",\"inLanguage\":\"de\",\"@id\":\"https:\\\/\\\/www.alpcamp.eu\\\/#\\\/schema\\\/logo\\\/image\\\/\",\"url\":\"https:\\\/\\\/www.alpcamp.eu\\\/wp-content\\\/uploads\\\/2015\\\/08\\\/logo-12Campv2.1-01.png\",\"contentUrl\":\"https:\\\/\\\/www.alpcamp.eu\\\/wp-content\\\/uploads\\\/2015\\\/08\\\/logo-12Campv2.1-01.png\",\"width\":953,\"height\":337,\"caption\":\"12Camp BV\"},\"image\":{\"@id\":\"https:\\\/\\\/www.alpcamp.eu\\\/#\\\/schema\\\/logo\\\/image\\\/\"},\"sameAs\":[\"https:\\\/\\\/www.facebook.com\\\/Alpcamp.eu\\\/\"]}]}<\/script>\n<!-- \/ Yoast SEO plugin. -->","yoast_head_json":{"title":"Akkommodation - AlpCamp","robots":{"index":"index","follow":"follow","max-snippet":"max-snippet:-1","max-image-preview":"max-image-preview:large","max-video-preview":"max-video-preview:-1"},"canonical":"https:\/\/www.alpcamp.eu\/de\/akkommodation\/","og_locale":"de_DE","og_type":"article","og_title":"Akkommodation - AlpCamp","og_description":"[vc_row css=&#8220;.vc_custom_1431514496357{padding-top: 100px !important;padding-bottom: 100px !important;}&#8220; row_type=&#8220;row&#8220; use_row_as_full_screen_section=&#8220;no&#8220; type=&#8220;full_width&#8220; angled_section=&#8220;no&#8220; angled_section_position=&#8220;both&#8220; angled_section_direction=&#8220;from_left_to_right&#8220; text_align=&#8220;left&#8220; background_image_as_pattern=&#8220;without_pattern&#8220;][vc_column width=&#8220;1\/1&#8243;][vc_row_inner row_type=&#8220;row&#8220; use_as_box=&#8220;&#8220; type=&#8220;grid&#8220; text_align=&#8220;left&#8220;][vc_column_inner width=&#8220;1\/1&#8243;][vc_column_text]...","og_url":"https:\/\/www.alpcamp.eu\/de\/akkommodation\/","og_site_name":"AlpCamp","article_publisher":"https:\/\/www.facebook.com\/Alpcamp.eu\/","article_modified_time":"2016-02-06T20:21:30+00:00","twitter_card":"summary_large_image","twitter_misc":{"Gesch\u00e4tzte Lesezeit":"6\u00a0Minuten"},"schema":{"@context":"https:\/\/schema.org","@graph":[{"@type":"WebPage","@id":"https:\/\/www.alpcamp.eu\/de\/akkommodation\/","url":"https:\/\/www.alpcamp.eu\/de\/akkommodation\/","name":"Akkommodation - AlpCamp","isPartOf":{"@id":"https:\/\/www.alpcamp.eu\/#website"},"datePublished":"2016-02-06T15:15:06+00:00","dateModified":"2016-02-06T20:21:30+00:00","breadcrumb":{"@id":"https:\/\/www.alpcamp.eu\/de\/akkommodation\/#breadcrumb"},"inLanguage":"de","potentialAction":[{"@type":"ReadAction","target":["https:\/\/www.alpcamp.eu\/de\/akkommodation\/"]}]},{"@type":"BreadcrumbList","@id":"https:\/\/www.alpcamp.eu\/de\/akkommodation\/#breadcrumb","itemListElement":[{"@type":"ListItem","position":1,"name":"Home","item":"https:\/\/www.alpcamp.eu\/de\/"},{"@type":"ListItem","position":2,"name":"Akkommodation"}]},{"@type":"WebSite","@id":"https:\/\/www.alpcamp.eu\/#website","url":"https:\/\/www.alpcamp.eu\/","name":"AlpCamp","description":"","publisher":{"@id":"https:\/\/www.alpcamp.eu\/#organization"},"potentialAction":[{"@type":"SearchAction","target":{"@type":"EntryPoint","urlTemplate":"https:\/\/www.alpcamp.eu\/?s={search_term_string}"},"query-input":{"@type":"PropertyValueSpecification","valueRequired":true,"valueName":"search_term_string"}}],"inLanguage":"de"},{"@type":"Organization","@id":"https:\/\/www.alpcamp.eu\/#organization","name":"12Camp BV","url":"https:\/\/www.alpcamp.eu\/","logo":{"@type":"ImageObject","inLanguage":"de","@id":"https:\/\/www.alpcamp.eu\/#\/schema\/logo\/image\/","url":"https:\/\/www.alpcamp.eu\/wp-content\/uploads\/2015\/08\/logo-12Campv2.1-01.png","contentUrl":"https:\/\/www.alpcamp.eu\/wp-content\/uploads\/2015\/08\/logo-12Campv2.1-01.png","width":953,"height":337,"caption":"12Camp BV"},"image":{"@id":"https:\/\/www.alpcamp.eu\/#\/schema\/logo\/image\/"},"sameAs":["https:\/\/www.facebook.com\/Alpcamp.eu\/"]}]}},"_links":{"self":[{"href":"https:\/\/www.alpcamp.eu\/de\/wp-json\/wp\/v2\/pages\/980","targetHints":{"allow":["GET"]}}],"collection":[{"href":"https:\/\/www.alpcamp.eu\/de\/wp-json\/wp\/v2\/pages"}],"about":[{"href":"https:\/\/www.alpcamp.eu\/de\/wp-json\/wp\/v2\/types\/page"}],"author":[{"embeddable":true,"href":"https:\/\/www.alpcamp.eu\/de\/wp-json\/wp\/v2\/users\/2"}],"replies":[{"embeddable":true,"href":"https:\/\/www.alpcamp.eu\/de\/wp-json\/wp\/v2\/comments?post=980"}],"version-history":[{"count":4,"href":"https:\/\/www.alpcamp.eu\/de\/wp-json\/wp\/v2\/pages\/980\/revisions"}],"predecessor-version":[{"id":1034,"href":"https:\/\/www.alpcamp.eu\/de\/wp-json\/wp\/v2\/pages\/980\/revisions\/1034"}],"wp:attachment":[{"href":"https:\/\/www.alpcamp.eu\/de\/wp-json\/wp\/v2\/media?parent=980"}],"curies":[{"name":"wp","href":"https:\/\/api.w.org\/{rel}","templated":true}]}}