{"id":987,"date":"2016-02-06T16:40:09","date_gmt":"2016-02-06T15:40:09","guid":{"rendered":"http:\/\/www.alpcamp.eu\/de\/?page_id=987"},"modified":"2016-02-22T11:01:34","modified_gmt":"2016-02-22T10:01:34","slug":"radfahren","status":"publish","type":"page","link":"https:\/\/www.alpcamp.eu\/de\/actief\/radfahren\/","title":{"rendered":"Radfahren"},"content":{"rendered":"<div class=\"wpb-content-wrapper\"><p>[vc_row row_type=&#8220;row&#8220; use_row_as_full_screen_section=&#8220;no&#8220; type=&#8220;grid&#8220; angled_section=&#8220;no&#8220; angled_section_position=&#8220;both&#8220; angled_section_direction=&#8220;from_left_to_right&#8220; text_align=&#8220;left&#8220; background_image_as_pattern=&#8220;without_pattern&#8220; padding_top=&#8220;100&#8243; padding_bottom=&#8220;100&#8243; css_animation=&#8220;element_from_fade&#8220;][vc_column width=&#8220;1\/1&#8243;][vc_row_inner][vc_column_inner width=&#8220;1\/1&#8243;][vc_column_text]Viele Leute werden abgeschreckt mit dem Gedanken an Radfahren in \u00d6sterreich, weil sie anstrengende Aufstiege erwarten. Von dem einen zu dem anderen Alpenpass mit den vielen Aufstiegen. Oder aber sie denken an Radfahren entlang der Donau. Obwohl in bestimmten Bergregionen Steigerungsraten bis zu 18% auftreten gibt es auch mehrere einfache Bereiche zum angenehmen Radfahren.<\/p>\n<p>Vor allem entlang der Flusst\u00e4ler kann man gut Radfahren ohne da\u03b2 man die Ausdauer eines Tour de France Fahrer haben muss. Der ber\u00fchmte Donau Radweg ist ein gutes Beispiel. Durch diese T\u00e4ler und entlang dieser Fl\u00fcsse sind oft ausgeschilderten Radtour Routen gebaut. Diese Wege sind nicht so steil und wenn man mit dem Fluss mitf\u00e4hrt\u00a0 braucht man meistens \u00a0kaum zu klettern. Unterwegs trifft man regelm\u00e4\u03b2ig gem\u00fctliche kleine D\u00f6rfchen und Rastst\u00e4tten wo man einen Drink genie\u03b2en oder schmackhaft essen kann. Die \u00f6sterreichischen Bundesl\u00e4nder geben ein wie der andere ihr Bestes um es die Fahrradtouristen auf den Satz zu machen.<\/p>\n<p>Das Burgenland ist ein relativ flacher Kreis mit welligen W\u00e4ldern, Weinbergen und Weizenfeldern. Je weiter man nach S\u00fcden kommt desto mehr H\u00fcgel man nehmen muss. Rundum den Neusiedlersee ist eine Radtour abgesteckt die meist flach ist. Der Jubil\u00e4ums Radweg l\u00e4uft vom S\u00fcden nach dem Norden in Burgenland.<\/p>\n<p>K\u00e4rnten bietet dem Radfahrer mehr Abwechslung : von relativ flach zu gro\u03b2en Bergen. Der Drau Radweg f\u00fchrt quer durch diesen sch\u00f6nen Provinz.<\/p>\n<p>Im Westen des Landes kann man im Winter sehr gut Ski fahren, aber sobald der Schnee geschmolzen ist, ist es auch eine gute Radfahrer Region: rundum den Bodensee und vom Bodensee durch Vorarlberg nach Tirol.<\/p>\n<p>Von Italien nach Deutschland f\u00fchrt die Via Claudia Augusta vom S\u00fcden nach dem Norden durch Tirol mit dem Anschluss an dem Inn Radweg, die ruhige Geschwister des Donau Radweg.<\/p>\n<p>Salzburg bietet dem Radfahrer unter anderem den Tauern Radweg. Durch Ober\u00f6sterreich l\u00e4uft der Enns Radweg und quer \u00fcber das Salzkammergutgebirge der Salzkammergut Radweg.<\/p>\n<p>Der Grenzland Radweg f\u00fchrt \u00fcber die \u00f6sterreichisch-tschechischen Grenze und hat Verbindung mit dem Kamp-Thaya-March Radweg in Nieder\u00f6sterreich.<\/p>\n<p>Steiermark wird schlie\u03b2lich\u00a0 durch den Muir Radweg gekreuzt.<\/p>\n<p>\u00d6sterreicher sind Radfreundlich. Kraftfahrer fahren in der Regel ruhig vorbei und selbst die kleinsten Stra\u00dfen sind gut asphaltiert. Die (Fahrrad)Beschilderung ist sehr gut und der Radwegenetz wird noch immer erweitert. Die Stra\u00dfen in \u00d6sterreich sind in der Regel recht ruhig zu nennen. In der Hochsaison jedoch kann der Verkehr dennoch lebhaft sein vor allem weil alle Touristen dann \u00fcber die gleichen Stra\u00dfen einen Berg auf wollen. Viele Alternativen gibt es dann auch nicht.<\/p>\n<p>Hauptnachteil von \u00d6sterreich sind die vielen Tunnel durch die Berge. Denn nicht jeder Tunnel ist geeignet f\u00fcr Radfahrer und in diesem Fall muss man auf den Bus oder den Zug warten. Man kann jederzeit auch auf den Zug zur\u00fcckgreifen wenn der R\u00fcckweg zu schwer f\u00e4llt, oder wenn man lieber von einem Punkt zum anderen gehen m\u00f6chten ohne eine Runde zu machen. In \u00d6sterreich kann man n\u00e4mlich einfach das Fahrrad im Zug mitnehmen.[\/vc_column_text][\/vc_column_inner][\/vc_row_inner][\/vc_column][\/vc_row][vc_row row_type=&#8220;parallax&#8220; use_row_as_full_screen_section=&#8220;no&#8220; type=&#8220;full_width&#8220; angled_section=&#8220;no&#8220; angled_section_position=&#8220;both&#8220; angled_section_direction=&#8220;from_left_to_right&#8220; text_align=&#8220;left&#8220; background_image_as_pattern=&#8220;without_pattern&#8220; background_image=&#8220;158&#8243; section_height=&#8220;500&#8243;][vc_column width=&#8220;1\/1&#8243;][vc_column_text]<br \/>\n[\/vc_column_text][\/vc_column][\/vc_row]<\/p>\n<\/div>","protected":false},"excerpt":{"rendered":"<p>[vc_row row_type=&#8220;row&#8220; use_row_as_full_screen_section=&#8220;no&#8220; type=&#8220;grid&#8220; angled_section=&#8220;no&#8220; angled_section_position=&#8220;both&#8220; angled_section_direction=&#8220;from_left_to_right&#8220; text_align=&#8220;left&#8220; background_image_as_pattern=&#8220;without_pattern&#8220; padding_top=&#8220;100&#8243; padding_bottom=&#8220;100&#8243; css_animation=&#8220;element_from_fade&#8220;][vc_column width=&#8220;1\/1&#8243;][vc_row_inner][vc_column_inner width=&#8220;1\/1&#8243;][vc_column_text]Viele Leute werden abgeschreckt mit dem Gedanken&#8230;<\/p>\n","protected":false},"author":2,"featured_media":0,"parent":984,"menu_order":0,"comment_status":"open","ping_status":"open","template":"full_width.php","meta":{"footnotes":""},"class_list":["post-987","page","type-page","status-publish","hentry"],"yoast_head":"<!-- This site is optimized with the Yoast SEO plugin v27.3 - https:\/\/yoast.com\/product\/yoast-seo-wordpress\/ -->\n<title>Radfahren - AlpCamp<\/title>\n<meta name=\"robots\" content=\"index, follow, max-snippet:-1, max-image-preview:large, max-video-preview:-1\" \/>\n<link rel=\"canonical\" href=\"https:\/\/www.alpcamp.eu\/de\/actief\/radfahren\/\" \/>\n<meta property=\"og:locale\" content=\"de_DE\" \/>\n<meta property=\"og:type\" content=\"article\" \/>\n<meta property=\"og:title\" content=\"Radfahren - AlpCamp\" \/>\n<meta property=\"og:description\" content=\"[vc_row row_type=&#8220;row&#8220; use_row_as_full_screen_section=&#8220;no&#8220; type=&#8220;grid&#8220; angled_section=&#8220;no&#8220; angled_section_position=&#8220;both&#8220; angled_section_direction=&#8220;from_left_to_right&#8220; text_align=&#8220;left&#8220; background_image_as_pattern=&#8220;without_pattern&#8220; padding_top=&#8220;100&#8243; padding_bottom=&#8220;100&#8243; css_animation=&#8220;element_from_fade&#8220;][vc_column width=&#8220;1\/1&#8243;][vc_row_inner][vc_column_inner width=&#8220;1\/1&#8243;][vc_column_text]Viele Leute werden abgeschreckt mit dem Gedanken...\" \/>\n<meta property=\"og:url\" content=\"https:\/\/www.alpcamp.eu\/de\/actief\/radfahren\/\" \/>\n<meta property=\"og:site_name\" content=\"AlpCamp\" \/>\n<meta property=\"article:publisher\" content=\"https:\/\/www.facebook.com\/Alpcamp.eu\/\" \/>\n<meta property=\"article:modified_time\" content=\"2016-02-22T10:01:34+00:00\" \/>\n<meta name=\"twitter:card\" content=\"summary_large_image\" \/>\n<meta name=\"twitter:label1\" content=\"Gesch\u00e4tzte Lesezeit\" \/>\n\t<meta name=\"twitter:data1\" content=\"3\u00a0Minuten\" \/>\n<script type=\"application\/ld+json\" class=\"yoast-schema-graph\">{\"@context\":\"https:\\\/\\\/schema.org\",\"@graph\":[{\"@type\":\"WebPage\",\"@id\":\"https:\\\/\\\/www.alpcamp.eu\\\/de\\\/actief\\\/radfahren\\\/\",\"url\":\"https:\\\/\\\/www.alpcamp.eu\\\/de\\\/actief\\\/radfahren\\\/\",\"name\":\"Radfahren - AlpCamp\",\"isPartOf\":{\"@id\":\"https:\\\/\\\/www.alpcamp.eu\\\/#website\"},\"datePublished\":\"2016-02-06T15:40:09+00:00\",\"dateModified\":\"2016-02-22T10:01:34+00:00\",\"breadcrumb\":{\"@id\":\"https:\\\/\\\/www.alpcamp.eu\\\/de\\\/actief\\\/radfahren\\\/#breadcrumb\"},\"inLanguage\":\"de\",\"potentialAction\":[{\"@type\":\"ReadAction\",\"target\":[\"https:\\\/\\\/www.alpcamp.eu\\\/de\\\/actief\\\/radfahren\\\/\"]}]},{\"@type\":\"BreadcrumbList\",\"@id\":\"https:\\\/\\\/www.alpcamp.eu\\\/de\\\/actief\\\/radfahren\\\/#breadcrumb\",\"itemListElement\":[{\"@type\":\"ListItem\",\"position\":1,\"name\":\"Home\",\"item\":\"https:\\\/\\\/www.alpcamp.eu\\\/de\\\/\"},{\"@type\":\"ListItem\",\"position\":2,\"name\":\"Actief\",\"item\":\"https:\\\/\\\/www.alpcamp.eu\\\/de\\\/actief\\\/\"},{\"@type\":\"ListItem\",\"position\":3,\"name\":\"Radfahren\"}]},{\"@type\":\"WebSite\",\"@id\":\"https:\\\/\\\/www.alpcamp.eu\\\/#website\",\"url\":\"https:\\\/\\\/www.alpcamp.eu\\\/\",\"name\":\"AlpCamp\",\"description\":\"\",\"publisher\":{\"@id\":\"https:\\\/\\\/www.alpcamp.eu\\\/#organization\"},\"potentialAction\":[{\"@type\":\"SearchAction\",\"target\":{\"@type\":\"EntryPoint\",\"urlTemplate\":\"https:\\\/\\\/www.alpcamp.eu\\\/?s={search_term_string}\"},\"query-input\":{\"@type\":\"PropertyValueSpecification\",\"valueRequired\":true,\"valueName\":\"search_term_string\"}}],\"inLanguage\":\"de\"},{\"@type\":\"Organization\",\"@id\":\"https:\\\/\\\/www.alpcamp.eu\\\/#organization\",\"name\":\"12Camp BV\",\"url\":\"https:\\\/\\\/www.alpcamp.eu\\\/\",\"logo\":{\"@type\":\"ImageObject\",\"inLanguage\":\"de\",\"@id\":\"https:\\\/\\\/www.alpcamp.eu\\\/#\\\/schema\\\/logo\\\/image\\\/\",\"url\":\"https:\\\/\\\/www.alpcamp.eu\\\/wp-content\\\/uploads\\\/2015\\\/08\\\/logo-12Campv2.1-01.png\",\"contentUrl\":\"https:\\\/\\\/www.alpcamp.eu\\\/wp-content\\\/uploads\\\/2015\\\/08\\\/logo-12Campv2.1-01.png\",\"width\":953,\"height\":337,\"caption\":\"12Camp BV\"},\"image\":{\"@id\":\"https:\\\/\\\/www.alpcamp.eu\\\/#\\\/schema\\\/logo\\\/image\\\/\"},\"sameAs\":[\"https:\\\/\\\/www.facebook.com\\\/Alpcamp.eu\\\/\"]}]}<\/script>\n<!-- \/ Yoast SEO plugin. -->","yoast_head_json":{"title":"Radfahren - AlpCamp","robots":{"index":"index","follow":"follow","max-snippet":"max-snippet:-1","max-image-preview":"max-image-preview:large","max-video-preview":"max-video-preview:-1"},"canonical":"https:\/\/www.alpcamp.eu\/de\/actief\/radfahren\/","og_locale":"de_DE","og_type":"article","og_title":"Radfahren - AlpCamp","og_description":"[vc_row row_type=&#8220;row&#8220; use_row_as_full_screen_section=&#8220;no&#8220; type=&#8220;grid&#8220; angled_section=&#8220;no&#8220; angled_section_position=&#8220;both&#8220; angled_section_direction=&#8220;from_left_to_right&#8220; text_align=&#8220;left&#8220; background_image_as_pattern=&#8220;without_pattern&#8220; padding_top=&#8220;100&#8243; padding_bottom=&#8220;100&#8243; css_animation=&#8220;element_from_fade&#8220;][vc_column width=&#8220;1\/1&#8243;][vc_row_inner][vc_column_inner width=&#8220;1\/1&#8243;][vc_column_text]Viele Leute werden abgeschreckt mit dem Gedanken...","og_url":"https:\/\/www.alpcamp.eu\/de\/actief\/radfahren\/","og_site_name":"AlpCamp","article_publisher":"https:\/\/www.facebook.com\/Alpcamp.eu\/","article_modified_time":"2016-02-22T10:01:34+00:00","twitter_card":"summary_large_image","twitter_misc":{"Gesch\u00e4tzte Lesezeit":"3\u00a0Minuten"},"schema":{"@context":"https:\/\/schema.org","@graph":[{"@type":"WebPage","@id":"https:\/\/www.alpcamp.eu\/de\/actief\/radfahren\/","url":"https:\/\/www.alpcamp.eu\/de\/actief\/radfahren\/","name":"Radfahren - AlpCamp","isPartOf":{"@id":"https:\/\/www.alpcamp.eu\/#website"},"datePublished":"2016-02-06T15:40:09+00:00","dateModified":"2016-02-22T10:01:34+00:00","breadcrumb":{"@id":"https:\/\/www.alpcamp.eu\/de\/actief\/radfahren\/#breadcrumb"},"inLanguage":"de","potentialAction":[{"@type":"ReadAction","target":["https:\/\/www.alpcamp.eu\/de\/actief\/radfahren\/"]}]},{"@type":"BreadcrumbList","@id":"https:\/\/www.alpcamp.eu\/de\/actief\/radfahren\/#breadcrumb","itemListElement":[{"@type":"ListItem","position":1,"name":"Home","item":"https:\/\/www.alpcamp.eu\/de\/"},{"@type":"ListItem","position":2,"name":"Actief","item":"https:\/\/www.alpcamp.eu\/de\/actief\/"},{"@type":"ListItem","position":3,"name":"Radfahren"}]},{"@type":"WebSite","@id":"https:\/\/www.alpcamp.eu\/#website","url":"https:\/\/www.alpcamp.eu\/","name":"AlpCamp","description":"","publisher":{"@id":"https:\/\/www.alpcamp.eu\/#organization"},"potentialAction":[{"@type":"SearchAction","target":{"@type":"EntryPoint","urlTemplate":"https:\/\/www.alpcamp.eu\/?s={search_term_string}"},"query-input":{"@type":"PropertyValueSpecification","valueRequired":true,"valueName":"search_term_string"}}],"inLanguage":"de"},{"@type":"Organization","@id":"https:\/\/www.alpcamp.eu\/#organization","name":"12Camp BV","url":"https:\/\/www.alpcamp.eu\/","logo":{"@type":"ImageObject","inLanguage":"de","@id":"https:\/\/www.alpcamp.eu\/#\/schema\/logo\/image\/","url":"https:\/\/www.alpcamp.eu\/wp-content\/uploads\/2015\/08\/logo-12Campv2.1-01.png","contentUrl":"https:\/\/www.alpcamp.eu\/wp-content\/uploads\/2015\/08\/logo-12Campv2.1-01.png","width":953,"height":337,"caption":"12Camp BV"},"image":{"@id":"https:\/\/www.alpcamp.eu\/#\/schema\/logo\/image\/"},"sameAs":["https:\/\/www.facebook.com\/Alpcamp.eu\/"]}]}},"_links":{"self":[{"href":"https:\/\/www.alpcamp.eu\/de\/wp-json\/wp\/v2\/pages\/987","targetHints":{"allow":["GET"]}}],"collection":[{"href":"https:\/\/www.alpcamp.eu\/de\/wp-json\/wp\/v2\/pages"}],"about":[{"href":"https:\/\/www.alpcamp.eu\/de\/wp-json\/wp\/v2\/types\/page"}],"author":[{"embeddable":true,"href":"https:\/\/www.alpcamp.eu\/de\/wp-json\/wp\/v2\/users\/2"}],"replies":[{"embeddable":true,"href":"https:\/\/www.alpcamp.eu\/de\/wp-json\/wp\/v2\/comments?post=987"}],"version-history":[{"count":2,"href":"https:\/\/www.alpcamp.eu\/de\/wp-json\/wp\/v2\/pages\/987\/revisions"}],"predecessor-version":[{"id":1188,"href":"https:\/\/www.alpcamp.eu\/de\/wp-json\/wp\/v2\/pages\/987\/revisions\/1188"}],"up":[{"embeddable":true,"href":"https:\/\/www.alpcamp.eu\/de\/wp-json\/wp\/v2\/pages\/984"}],"wp:attachment":[{"href":"https:\/\/www.alpcamp.eu\/de\/wp-json\/wp\/v2\/media?parent=987"}],"curies":[{"name":"wp","href":"https:\/\/api.w.org\/{rel}","templated":true}]}}