{"id":993,"date":"2016-02-06T16:45:02","date_gmt":"2016-02-06T15:45:02","guid":{"rendered":"http:\/\/www.alpcamp.eu\/de\/?page_id=993"},"modified":"2016-02-22T11:07:31","modified_gmt":"2016-02-22T10:07:31","slug":"motorradfahren","status":"publish","type":"page","link":"https:\/\/www.alpcamp.eu\/de\/actief\/motorradfahren\/","title":{"rendered":"Motorradfahren"},"content":{"rendered":"<div class=\"wpb-content-wrapper\"><p>[vc_row row_type=&#8220;row&#8220; use_row_as_full_screen_section=&#8220;no&#8220; type=&#8220;grid&#8220; angled_section=&#8220;no&#8220; angled_section_position=&#8220;both&#8220; angled_section_direction=&#8220;from_left_to_right&#8220; text_align=&#8220;left&#8220; background_image_as_pattern=&#8220;without_pattern&#8220; background_color=&#8220;#ffffff&#8220; padding_top=&#8220;100&#8243; padding_bottom=&#8220;100&#8243; css_animation=&#8220;element_from_fade&#8220;][vc_column width=&#8220;1\/1&#8243;][vc_row_inner][vc_column_inner width=&#8220;1\/2&#8243;][vc_column_text]\u00d6sterreich ist ein fantastisches Ziel f\u00fcr Motorradfahrer. Man kann sch\u00f6ne Fahrten machen die f\u00fchren entlang H\u00fcgel, T\u00e4ler, Bergp\u00e4sse und Haarnadelkurven. Einige ber\u00fchmte Bergp\u00e4sse sind die Gro\u03b2Gl\u00f6ckner, das Timmelsjoch und die Schiestlh\u00f6he. Die Gro\u03b2Gl\u00f6cknerstra\u03b2e hat eine L\u00e4nge von ungef\u00e4hr 48 Km und f\u00fchrt der Motorradfahrer zu einer beeindruckenden H\u00f6he von fast 3800 Metern mit einem Gef\u00e4lle von 12%. Hier genie\u00dft man von einem atemberaubender Panoramablick in Kombination mit zahlreichen Haarnadelkurven.<\/p>\n<p>Auch Tirol bietet dem Motorradfahrer viel Spa\u00df. Im Salzburger Land genie\u00dft man auch, hier wird man an jeder Ecke wieder \u00fcberrascht\u00a0 sein mit einer Ansicht einer weiteren eindrucksvollen Massiv.<\/p>\n<p>In K\u00e4rnten, die s\u00fcdlichste Provinz, gibt es viele Bergseen wo man mit dem Motor entlang fahren kann. Erinnere dich daran, da\u03b2 das Fahren auf den Autobahnen (A-Stra\u00dfen) und verschiedene andere Autobahnen (S-Stra\u00dfen, S1 &amp; B302) das man im Besitz sein muss von einer g\u00fcltigen Autobahnvignette. Auf einige Stra\u00dfen muss man Maut bezahlen. Eine Vignette kann man in den Niederlanden bei der ANWB und in \u00d6sterreich an der Grenze, und in Tabakl\u00e4den und Tankstellen, und bei Automobilclubs \u00d6AMTC und ARBO kaufen. Auch bei einigen Tankstellen entlang der deutschen Autobahn in Richtung \u00d6sterreich werden Vignetten zum Verkauf angeboten. Die Vignette muss an der Innenseite der Windschutzscheibe an einer deutlich sichtbaren Stelle befestigt werden. Motorradfahrer m\u00fcssen die Vignette auf eine gut sichtbare Stelle an einem festen Teil des Motors kleben.[\/vc_column_text][\/vc_column_inner][vc_column_inner width=&#8220;1\/2&#8243;][vc_single_image border_color=&#8220;grey&#8220; img_link_large=&#8220;&#8220; img_link_target=&#8220;_self&#8220; img_size=&#8220;full&#8220; image=&#8220;484&#8243;][\/vc_column_inner][\/vc_row_inner][\/vc_column][\/vc_row]<\/p>\n<\/div>","protected":false},"excerpt":{"rendered":"<p>[vc_row row_type=&#8220;row&#8220; use_row_as_full_screen_section=&#8220;no&#8220; type=&#8220;grid&#8220; angled_section=&#8220;no&#8220; angled_section_position=&#8220;both&#8220; angled_section_direction=&#8220;from_left_to_right&#8220; text_align=&#8220;left&#8220; background_image_as_pattern=&#8220;without_pattern&#8220; background_color=&#8220;#ffffff&#8220; padding_top=&#8220;100&#8243; padding_bottom=&#8220;100&#8243; css_animation=&#8220;element_from_fade&#8220;][vc_column width=&#8220;1\/1&#8243;][vc_row_inner][vc_column_inner width=&#8220;1\/2&#8243;][vc_column_text]\u00d6sterreich ist ein fantastisches Ziel f\u00fcr&#8230;<\/p>\n","protected":false},"author":2,"featured_media":0,"parent":984,"menu_order":0,"comment_status":"open","ping_status":"open","template":"full_width.php","meta":{"footnotes":""},"class_list":["post-993","page","type-page","status-publish","hentry"],"yoast_head":"<!-- This site is optimized with the Yoast SEO plugin v27.3 - https:\/\/yoast.com\/product\/yoast-seo-wordpress\/ -->\n<title>Motorradfahren - AlpCamp<\/title>\n<meta name=\"robots\" content=\"index, follow, max-snippet:-1, max-image-preview:large, max-video-preview:-1\" \/>\n<link rel=\"canonical\" href=\"https:\/\/www.alpcamp.eu\/de\/actief\/motorradfahren\/\" \/>\n<meta property=\"og:locale\" content=\"de_DE\" \/>\n<meta property=\"og:type\" content=\"article\" \/>\n<meta property=\"og:title\" content=\"Motorradfahren - AlpCamp\" \/>\n<meta property=\"og:description\" content=\"[vc_row row_type=&#8220;row&#8220; use_row_as_full_screen_section=&#8220;no&#8220; type=&#8220;grid&#8220; angled_section=&#8220;no&#8220; angled_section_position=&#8220;both&#8220; angled_section_direction=&#8220;from_left_to_right&#8220; text_align=&#8220;left&#8220; background_image_as_pattern=&#8220;without_pattern&#8220; background_color=&#8220;#ffffff&#8220; padding_top=&#8220;100&#8243; padding_bottom=&#8220;100&#8243; css_animation=&#8220;element_from_fade&#8220;][vc_column width=&#8220;1\/1&#8243;][vc_row_inner][vc_column_inner width=&#8220;1\/2&#8243;][vc_column_text]\u00d6sterreich ist ein fantastisches Ziel f\u00fcr...\" \/>\n<meta property=\"og:url\" content=\"https:\/\/www.alpcamp.eu\/de\/actief\/motorradfahren\/\" \/>\n<meta property=\"og:site_name\" content=\"AlpCamp\" \/>\n<meta property=\"article:publisher\" content=\"https:\/\/www.facebook.com\/Alpcamp.eu\/\" \/>\n<meta property=\"article:modified_time\" content=\"2016-02-22T10:07:31+00:00\" \/>\n<meta name=\"twitter:card\" content=\"summary_large_image\" \/>\n<meta name=\"twitter:label1\" content=\"Gesch\u00e4tzte Lesezeit\" \/>\n\t<meta name=\"twitter:data1\" content=\"2\u00a0Minuten\" \/>\n<script type=\"application\/ld+json\" class=\"yoast-schema-graph\">{\"@context\":\"https:\\\/\\\/schema.org\",\"@graph\":[{\"@type\":\"WebPage\",\"@id\":\"https:\\\/\\\/www.alpcamp.eu\\\/de\\\/actief\\\/motorradfahren\\\/\",\"url\":\"https:\\\/\\\/www.alpcamp.eu\\\/de\\\/actief\\\/motorradfahren\\\/\",\"name\":\"Motorradfahren - AlpCamp\",\"isPartOf\":{\"@id\":\"https:\\\/\\\/www.alpcamp.eu\\\/#website\"},\"datePublished\":\"2016-02-06T15:45:02+00:00\",\"dateModified\":\"2016-02-22T10:07:31+00:00\",\"breadcrumb\":{\"@id\":\"https:\\\/\\\/www.alpcamp.eu\\\/de\\\/actief\\\/motorradfahren\\\/#breadcrumb\"},\"inLanguage\":\"de\",\"potentialAction\":[{\"@type\":\"ReadAction\",\"target\":[\"https:\\\/\\\/www.alpcamp.eu\\\/de\\\/actief\\\/motorradfahren\\\/\"]}]},{\"@type\":\"BreadcrumbList\",\"@id\":\"https:\\\/\\\/www.alpcamp.eu\\\/de\\\/actief\\\/motorradfahren\\\/#breadcrumb\",\"itemListElement\":[{\"@type\":\"ListItem\",\"position\":1,\"name\":\"Home\",\"item\":\"https:\\\/\\\/www.alpcamp.eu\\\/de\\\/\"},{\"@type\":\"ListItem\",\"position\":2,\"name\":\"Actief\",\"item\":\"https:\\\/\\\/www.alpcamp.eu\\\/de\\\/actief\\\/\"},{\"@type\":\"ListItem\",\"position\":3,\"name\":\"Motorradfahren\"}]},{\"@type\":\"WebSite\",\"@id\":\"https:\\\/\\\/www.alpcamp.eu\\\/#website\",\"url\":\"https:\\\/\\\/www.alpcamp.eu\\\/\",\"name\":\"AlpCamp\",\"description\":\"\",\"publisher\":{\"@id\":\"https:\\\/\\\/www.alpcamp.eu\\\/#organization\"},\"potentialAction\":[{\"@type\":\"SearchAction\",\"target\":{\"@type\":\"EntryPoint\",\"urlTemplate\":\"https:\\\/\\\/www.alpcamp.eu\\\/?s={search_term_string}\"},\"query-input\":{\"@type\":\"PropertyValueSpecification\",\"valueRequired\":true,\"valueName\":\"search_term_string\"}}],\"inLanguage\":\"de\"},{\"@type\":\"Organization\",\"@id\":\"https:\\\/\\\/www.alpcamp.eu\\\/#organization\",\"name\":\"12Camp BV\",\"url\":\"https:\\\/\\\/www.alpcamp.eu\\\/\",\"logo\":{\"@type\":\"ImageObject\",\"inLanguage\":\"de\",\"@id\":\"https:\\\/\\\/www.alpcamp.eu\\\/#\\\/schema\\\/logo\\\/image\\\/\",\"url\":\"https:\\\/\\\/www.alpcamp.eu\\\/wp-content\\\/uploads\\\/2015\\\/08\\\/logo-12Campv2.1-01.png\",\"contentUrl\":\"https:\\\/\\\/www.alpcamp.eu\\\/wp-content\\\/uploads\\\/2015\\\/08\\\/logo-12Campv2.1-01.png\",\"width\":953,\"height\":337,\"caption\":\"12Camp BV\"},\"image\":{\"@id\":\"https:\\\/\\\/www.alpcamp.eu\\\/#\\\/schema\\\/logo\\\/image\\\/\"},\"sameAs\":[\"https:\\\/\\\/www.facebook.com\\\/Alpcamp.eu\\\/\"]}]}<\/script>\n<!-- \/ Yoast SEO plugin. -->","yoast_head_json":{"title":"Motorradfahren - AlpCamp","robots":{"index":"index","follow":"follow","max-snippet":"max-snippet:-1","max-image-preview":"max-image-preview:large","max-video-preview":"max-video-preview:-1"},"canonical":"https:\/\/www.alpcamp.eu\/de\/actief\/motorradfahren\/","og_locale":"de_DE","og_type":"article","og_title":"Motorradfahren - AlpCamp","og_description":"[vc_row row_type=&#8220;row&#8220; use_row_as_full_screen_section=&#8220;no&#8220; type=&#8220;grid&#8220; angled_section=&#8220;no&#8220; angled_section_position=&#8220;both&#8220; angled_section_direction=&#8220;from_left_to_right&#8220; text_align=&#8220;left&#8220; background_image_as_pattern=&#8220;without_pattern&#8220; background_color=&#8220;#ffffff&#8220; padding_top=&#8220;100&#8243; padding_bottom=&#8220;100&#8243; css_animation=&#8220;element_from_fade&#8220;][vc_column width=&#8220;1\/1&#8243;][vc_row_inner][vc_column_inner width=&#8220;1\/2&#8243;][vc_column_text]\u00d6sterreich ist ein fantastisches Ziel f\u00fcr...","og_url":"https:\/\/www.alpcamp.eu\/de\/actief\/motorradfahren\/","og_site_name":"AlpCamp","article_publisher":"https:\/\/www.facebook.com\/Alpcamp.eu\/","article_modified_time":"2016-02-22T10:07:31+00:00","twitter_card":"summary_large_image","twitter_misc":{"Gesch\u00e4tzte Lesezeit":"2\u00a0Minuten"},"schema":{"@context":"https:\/\/schema.org","@graph":[{"@type":"WebPage","@id":"https:\/\/www.alpcamp.eu\/de\/actief\/motorradfahren\/","url":"https:\/\/www.alpcamp.eu\/de\/actief\/motorradfahren\/","name":"Motorradfahren - AlpCamp","isPartOf":{"@id":"https:\/\/www.alpcamp.eu\/#website"},"datePublished":"2016-02-06T15:45:02+00:00","dateModified":"2016-02-22T10:07:31+00:00","breadcrumb":{"@id":"https:\/\/www.alpcamp.eu\/de\/actief\/motorradfahren\/#breadcrumb"},"inLanguage":"de","potentialAction":[{"@type":"ReadAction","target":["https:\/\/www.alpcamp.eu\/de\/actief\/motorradfahren\/"]}]},{"@type":"BreadcrumbList","@id":"https:\/\/www.alpcamp.eu\/de\/actief\/motorradfahren\/#breadcrumb","itemListElement":[{"@type":"ListItem","position":1,"name":"Home","item":"https:\/\/www.alpcamp.eu\/de\/"},{"@type":"ListItem","position":2,"name":"Actief","item":"https:\/\/www.alpcamp.eu\/de\/actief\/"},{"@type":"ListItem","position":3,"name":"Motorradfahren"}]},{"@type":"WebSite","@id":"https:\/\/www.alpcamp.eu\/#website","url":"https:\/\/www.alpcamp.eu\/","name":"AlpCamp","description":"","publisher":{"@id":"https:\/\/www.alpcamp.eu\/#organization"},"potentialAction":[{"@type":"SearchAction","target":{"@type":"EntryPoint","urlTemplate":"https:\/\/www.alpcamp.eu\/?s={search_term_string}"},"query-input":{"@type":"PropertyValueSpecification","valueRequired":true,"valueName":"search_term_string"}}],"inLanguage":"de"},{"@type":"Organization","@id":"https:\/\/www.alpcamp.eu\/#organization","name":"12Camp BV","url":"https:\/\/www.alpcamp.eu\/","logo":{"@type":"ImageObject","inLanguage":"de","@id":"https:\/\/www.alpcamp.eu\/#\/schema\/logo\/image\/","url":"https:\/\/www.alpcamp.eu\/wp-content\/uploads\/2015\/08\/logo-12Campv2.1-01.png","contentUrl":"https:\/\/www.alpcamp.eu\/wp-content\/uploads\/2015\/08\/logo-12Campv2.1-01.png","width":953,"height":337,"caption":"12Camp BV"},"image":{"@id":"https:\/\/www.alpcamp.eu\/#\/schema\/logo\/image\/"},"sameAs":["https:\/\/www.facebook.com\/Alpcamp.eu\/"]}]}},"_links":{"self":[{"href":"https:\/\/www.alpcamp.eu\/de\/wp-json\/wp\/v2\/pages\/993","targetHints":{"allow":["GET"]}}],"collection":[{"href":"https:\/\/www.alpcamp.eu\/de\/wp-json\/wp\/v2\/pages"}],"about":[{"href":"https:\/\/www.alpcamp.eu\/de\/wp-json\/wp\/v2\/types\/page"}],"author":[{"embeddable":true,"href":"https:\/\/www.alpcamp.eu\/de\/wp-json\/wp\/v2\/users\/2"}],"replies":[{"embeddable":true,"href":"https:\/\/www.alpcamp.eu\/de\/wp-json\/wp\/v2\/comments?post=993"}],"version-history":[{"count":1,"href":"https:\/\/www.alpcamp.eu\/de\/wp-json\/wp\/v2\/pages\/993\/revisions"}],"predecessor-version":[{"id":994,"href":"https:\/\/www.alpcamp.eu\/de\/wp-json\/wp\/v2\/pages\/993\/revisions\/994"}],"up":[{"embeddable":true,"href":"https:\/\/www.alpcamp.eu\/de\/wp-json\/wp\/v2\/pages\/984"}],"wp:attachment":[{"href":"https:\/\/www.alpcamp.eu\/de\/wp-json\/wp\/v2\/media?parent=993"}],"curies":[{"name":"wp","href":"https:\/\/api.w.org\/{rel}","templated":true}]}}